{"id":13,"date":"2024-04-24T10:42:18","date_gmt":"2024-04-24T10:42:18","guid":{"rendered":"https:\/\/sabado100.com.ar\/es-ar\/?page_id=13"},"modified":"2024-05-02T12:50:22","modified_gmt":"2024-05-02T12:50:22","slug":"inicio","status":"publish","type":"page","link":"https:\/\/sabado100.com.ar\/es-ar\/","title":{"rendered":"Inicio"},"content":{"rendered":"\t\t<div data-elementor-type=\"wp-page\" data-elementor-id=\"13\" class=\"elementor elementor-13\">\n\t\t\t\t<div class=\"elementor-element elementor-element-d39c8ad e-con-full e-flex e-con e-parent\" data-id=\"d39c8ad\" data-element_type=\"container\" data-settings=\"{&quot;background_background&quot;:&quot;classic&quot;}\">\n\t\t\t\t<div class=\"elementor-element elementor-element-368078c anwp-pg-widget-header-style--b anwp-pg-post-teaser__post-icon--size-16 elementor-pagination-position-outside elementor-widget elementor-widget-anwp-pg-flex-slider\" data-id=\"368078c\" data-element_type=\"widget\" data-widget_type=\"anwp-pg-flex-slider.default\">\n\t\t\t\t<div class=\"elementor-widget-container\">\n\t\t\t<div class=\"anwp-pg-wrap\">\n\n\t\n\t<!-- Slider main container -->\n\t<div\n\t\tclass=\"anwp-pg-flex-slider anwp-pg-swiper-wrapper position-relative swiper swiper-container anwp-pg-no-transform\"\n\t\tdata-pg-autoplay=\"yes\"\n\t\tdata-pg-autoplay-delay=\"5000\"\n\t\tdata-pg-space-between=\"2\"\n\t\tdata-pg-enable-observer=\"no\"\n\t\tdata-pg-free-mode=\"yes\"\n\t\tdata-pg-loop=\"yes\"\n\t\tdir=\"ltr\"\n\t>\n\t\t<!-- Additional required wrapper -->\n\t\t<div class=\"swiper-wrapper\">\n\t\t\t<!-- Slides -->\n\t\t\t<div class=\"anwp-pg-post-teaser anwp-pg-post-teaser--layout-a swiper-slide w-auto anwp-pg-post-teaser--has-comments-meta\">\n\t<div class=\"anwp-pg-post-teaser__thumbnail position-relative\">\n\n\t\t\n\t\t\t\t\t<img loading=\"lazy\" class=\"anwp-pg-post-teaser__thumbnail-img d-block anwp-pg-height-220 anwp-pg-sm-height-280 anwp-pg-lg-height-280 anwp-object-cover m-0 w-100\"\n\t\t\t\talt=\"Proyectan empresas rafaelinas hacia Vaca Muerta y crean la mesa de gas, petr\u00f3leo y miner\u00eda local\"\n\t\t\t\tsrc=\"https:\/\/sabado100.com.ar\/es-ar\/wp-content\/uploads\/2026\/09\/WhatsApp-Image-2026-09-01-at-19.48.29-1024x678.jpeg\" \/>\n\t\t\n\t\t<div class=\"anwp-pg-post-teaser__muted_bg\"><\/div>\n\t\t<div class=\"anwp-pg-post-teaser__thumbnail-bg anwp-position-cover\"><\/div>\n\n\t\t<div class=\"anwp-pg-post-teaser__content d-flex flex-column anwp-position-cover\">\n\t\t\t<div class=\"anwp-pg-post-teaser__top-meta d-flex mb-2\">\n\t\t\t\t\t\t\t\t\t\t<span class=\"anwp-pg-post-teaser__meta-comments d-flex align-items-center mr-2\">\n\t\t\t\t\t\t\t<svg class=\"anwp-pg-icon anwp-pg-icon--s1em anwp-pg-icon--white mr-1\">\n\t\t\t\t\t\t\t\t<use xlink:href=\"#icon-anwp-pg-comment-discussion\"><\/use>\n\t\t\t\t\t\t\t<\/svg>\n\t\t\t\t\t\t\t0\t\t\t\t\t\t<\/span>\n\t\t\t\t\t\t\t\t\t<\/div>\n\n\t\t\t\t\t\t\t<div class=\"d-flex flex-column anwp-pg-post-teaser__category-column ml-auto\">\n\t\t\t\t\t<div class=\"anwp-pg-category__wrapper-filled px-2 d-flex align-items-center anwp-pg-post-teaser__category-wrapper align-self-end anwp-pg-category-parent-0\" style=\"background-color: #1565C0\"><span>Econom\u00eda<\/span><\/div>\t\t\t\t<\/div>\n\t\t\t\n\t\t\t<div class=\"anwp-pg-post-teaser__title anwp-font-heading mt-auto mb-1\">\n\t\t\t\tProyectan empresas rafaelinas hacia Vaca Muerta y crean la mesa de gas, petr\u00f3leo y miner\u00eda local\t\t\t<\/div>\n\n\t\t\t\t\t\t\t<div class=\"anwp-pg-post-teaser__bottom-meta mt-1 position-relative mb-2\">\n\t\t\t\t\t<span class=\"posted-on m-0\"><span class=\"screen-reader-text\">Posted on<\/span><time class=\"anwp-pg-published\" datetime=\"2026-09-02T02:49:58+00:00\">septiembre 2, 2026<\/time><time class=\"anwp-pg-updated\" datetime=\"2026-09-02T02:49:59+00:00\">septiembre 2, 2026<\/time><\/span>\n\t\t\t\t<\/div>\n\t\t\t\t\t<\/div>\n\n\t\t<a class=\"anwp-position-cover anwp-link-without-effects\" href=\"https:\/\/sabado100.com.ar\/es-ar\/proyectan-empresas-rafaelinas-hacia-vaca-muerta-y-crean-la-mesa-de-gas-petroleo-y-mineria-local\/\" aria-hidden=\"true\" ><\/a>\n\t<\/div>\n<\/div>\n<div class=\"anwp-pg-post-teaser anwp-pg-post-teaser--layout-a swiper-slide w-auto anwp-pg-post-teaser--has-comments-meta\">\n\t<div class=\"anwp-pg-post-teaser__thumbnail position-relative\">\n\n\t\t\n\t\t\t\t\t<img loading=\"lazy\" class=\"anwp-pg-post-teaser__thumbnail-img d-block anwp-pg-height-220 anwp-pg-sm-height-280 anwp-pg-lg-height-280 anwp-object-cover m-0 w-100\"\n\t\t\t\talt=\"Hablemos de salud sexual a cargo de los profesionales Melano y Bianciotti\"\n\t\t\t\tsrc=\"https:\/\/sabado100.com.ar\/es-ar\/wp-content\/uploads\/2026\/09\/WhatsApp-Image-2026-09-01-at-19.33.31-1024x576.jpeg\" \/>\n\t\t\n\t\t<div class=\"anwp-pg-post-teaser__muted_bg\"><\/div>\n\t\t<div class=\"anwp-pg-post-teaser__thumbnail-bg anwp-position-cover\"><\/div>\n\n\t\t<div class=\"anwp-pg-post-teaser__content d-flex flex-column anwp-position-cover\">\n\t\t\t<div class=\"anwp-pg-post-teaser__top-meta d-flex mb-2\">\n\t\t\t\t\t\t\t\t\t\t<span class=\"anwp-pg-post-teaser__meta-comments d-flex align-items-center mr-2\">\n\t\t\t\t\t\t\t<svg class=\"anwp-pg-icon anwp-pg-icon--s1em anwp-pg-icon--white mr-1\">\n\t\t\t\t\t\t\t\t<use xlink:href=\"#icon-anwp-pg-comment-discussion\"><\/use>\n\t\t\t\t\t\t\t<\/svg>\n\t\t\t\t\t\t\t0\t\t\t\t\t\t<\/span>\n\t\t\t\t\t\t\t\t\t<\/div>\n\n\t\t\t\t\t\t\t<div class=\"d-flex flex-column anwp-pg-post-teaser__category-column ml-auto\">\n\t\t\t\t\t<div class=\"anwp-pg-category__wrapper-filled px-2 d-flex align-items-center anwp-pg-post-teaser__category-wrapper align-self-end anwp-pg-category-parent-0\" style=\"background-color: #1565C0\"><span>Cultura y Sociedad<\/span><\/div>\t\t\t\t<\/div>\n\t\t\t\n\t\t\t<div class=\"anwp-pg-post-teaser__title anwp-font-heading mt-auto mb-1\">\n\t\t\t\tHablemos de salud sexual a cargo de los profesionales Melano y Bianciotti\t\t\t<\/div>\n\n\t\t\t\t\t\t\t<div class=\"anwp-pg-post-teaser__bottom-meta mt-1 position-relative mb-2\">\n\t\t\t\t\t<span class=\"posted-on m-0\"><span class=\"screen-reader-text\">Posted on<\/span><time class=\"anwp-pg-published\" datetime=\"2026-09-02T01:35:39+00:00\">septiembre 2, 2026<\/time><time class=\"anwp-pg-updated\" datetime=\"2026-09-02T01:35:40+00:00\">septiembre 2, 2026<\/time><\/span>\n\t\t\t\t<\/div>\n\t\t\t\t\t<\/div>\n\n\t\t<a class=\"anwp-position-cover anwp-link-without-effects\" href=\"https:\/\/sabado100.com.ar\/es-ar\/hablemos-de-salud-sexual-a-cargo-de-los-profesionales-melano-y-bianciotti\/\" aria-hidden=\"true\" ><\/a>\n\t<\/div>\n<\/div>\n<div class=\"anwp-pg-post-teaser anwp-pg-post-teaser--layout-a swiper-slide w-auto anwp-pg-post-teaser--has-comments-meta\">\n\t<div class=\"anwp-pg-post-teaser__thumbnail position-relative\">\n\n\t\t\n\t\t\t\t\t<img loading=\"lazy\" class=\"anwp-pg-post-teaser__thumbnail-img d-block anwp-pg-height-220 anwp-pg-sm-height-280 anwp-pg-lg-height-280 anwp-object-cover m-0 w-100\"\n\t\t\t\talt=\"Concejales y representantes del CCIRR abordaron temas vinculados a la actividad comercial\"\n\t\t\t\tsrc=\"https:\/\/sabado100.com.ar\/es-ar\/wp-content\/uploads\/2026\/09\/WhatsApp-Image-2026-09-01-at-13.06.01-1024x768.jpeg\" \/>\n\t\t\n\t\t<div class=\"anwp-pg-post-teaser__muted_bg\"><\/div>\n\t\t<div class=\"anwp-pg-post-teaser__thumbnail-bg anwp-position-cover\"><\/div>\n\n\t\t<div class=\"anwp-pg-post-teaser__content d-flex flex-column anwp-position-cover\">\n\t\t\t<div class=\"anwp-pg-post-teaser__top-meta d-flex mb-2\">\n\t\t\t\t\t\t\t\t\t\t<span class=\"anwp-pg-post-teaser__meta-comments d-flex align-items-center mr-2\">\n\t\t\t\t\t\t\t<svg class=\"anwp-pg-icon anwp-pg-icon--s1em anwp-pg-icon--white mr-1\">\n\t\t\t\t\t\t\t\t<use xlink:href=\"#icon-anwp-pg-comment-discussion\"><\/use>\n\t\t\t\t\t\t\t<\/svg>\n\t\t\t\t\t\t\t0\t\t\t\t\t\t<\/span>\n\t\t\t\t\t\t\t\t\t<\/div>\n\n\t\t\t\t\t\t\t<div class=\"d-flex flex-column anwp-pg-post-teaser__category-column ml-auto\">\n\t\t\t\t\t<div class=\"anwp-pg-category__wrapper-filled px-2 d-flex align-items-center anwp-pg-post-teaser__category-wrapper align-self-end anwp-pg-category-parent-0\" style=\"background-color: #1565C0\"><span>Econom\u00eda<\/span><\/div>\t\t\t\t<\/div>\n\t\t\t\n\t\t\t<div class=\"anwp-pg-post-teaser__title anwp-font-heading mt-auto mb-1\">\n\t\t\t\tConcejales y representantes del CCIRR abordaron temas vinculados a la actividad comercial\t\t\t<\/div>\n\n\t\t\t\t\t\t\t<div class=\"anwp-pg-post-teaser__bottom-meta mt-1 position-relative mb-2\">\n\t\t\t\t\t<span class=\"posted-on m-0\"><span class=\"screen-reader-text\">Posted on<\/span><time class=\"anwp-pg-published\" datetime=\"2026-09-01T21:01:27+00:00\">septiembre 1, 2026<\/time><time class=\"anwp-pg-updated\" datetime=\"2026-09-01T21:01:28+00:00\">septiembre 1, 2026<\/time><\/span>\n\t\t\t\t<\/div>\n\t\t\t\t\t<\/div>\n\n\t\t<a class=\"anwp-position-cover anwp-link-without-effects\" href=\"https:\/\/sabado100.com.ar\/es-ar\/concejales-y-representantes-del-ccirr-abordaron-temas-vinculados-a-la-actividad-comercial\/\" aria-hidden=\"true\" ><\/a>\n\t<\/div>\n<\/div>\n<div class=\"anwp-pg-post-teaser anwp-pg-post-teaser--layout-a swiper-slide w-auto anwp-pg-post-teaser--has-comments-meta\">\n\t<div class=\"anwp-pg-post-teaser__thumbnail position-relative\">\n\n\t\t\n\t\t\t\t\t<img loading=\"lazy\" class=\"anwp-pg-post-teaser__thumbnail-img d-block anwp-pg-height-220 anwp-pg-sm-height-280 anwp-pg-lg-height-280 anwp-object-cover m-0 w-100\"\n\t\t\t\talt=\"El bi\u00f3logo Rafael Lajmanovich abord\u00f3 las evidencias cient\u00edficas de los agroqu\u00edmicos\"\n\t\t\t\tsrc=\"https:\/\/sabado100.com.ar\/es-ar\/wp-content\/uploads\/2026\/09\/WhatsApp-Image-2026-09-01-at-17.49.31-1024x768.jpeg\" \/>\n\t\t\n\t\t<div class=\"anwp-pg-post-teaser__muted_bg\"><\/div>\n\t\t<div class=\"anwp-pg-post-teaser__thumbnail-bg anwp-position-cover\"><\/div>\n\n\t\t<div class=\"anwp-pg-post-teaser__content d-flex flex-column anwp-position-cover\">\n\t\t\t<div class=\"anwp-pg-post-teaser__top-meta d-flex mb-2\">\n\t\t\t\t\t\t\t\t\t\t<span class=\"anwp-pg-post-teaser__meta-comments d-flex align-items-center mr-2\">\n\t\t\t\t\t\t\t<svg class=\"anwp-pg-icon anwp-pg-icon--s1em anwp-pg-icon--white mr-1\">\n\t\t\t\t\t\t\t\t<use xlink:href=\"#icon-anwp-pg-comment-discussion\"><\/use>\n\t\t\t\t\t\t\t<\/svg>\n\t\t\t\t\t\t\t0\t\t\t\t\t\t<\/span>\n\t\t\t\t\t\t\t\t\t<\/div>\n\n\t\t\t\t\t\t\t<div class=\"d-flex flex-column anwp-pg-post-teaser__category-column ml-auto\">\n\t\t\t\t\t<div class=\"anwp-pg-category__wrapper-filled px-2 d-flex align-items-center anwp-pg-post-teaser__category-wrapper align-self-end anwp-pg-category-parent-0\" style=\"background-color: #1565C0\"><span>Medio Ambiente<\/span><\/div>\t\t\t\t<\/div>\n\t\t\t\n\t\t\t<div class=\"anwp-pg-post-teaser__title anwp-font-heading mt-auto mb-1\">\n\t\t\t\tEl bi\u00f3logo Rafael Lajmanovich abord\u00f3 las evidencias cient\u00edficas de los agroqu\u00edmicos\t\t\t<\/div>\n\n\t\t\t\t\t\t\t<div class=\"anwp-pg-post-teaser__bottom-meta mt-1 position-relative mb-2\">\n\t\t\t\t\t<span class=\"posted-on m-0\"><span class=\"screen-reader-text\">Posted on<\/span><time class=\"anwp-pg-published\" datetime=\"2026-09-01T20:57:30+00:00\">septiembre 1, 2026<\/time><time class=\"anwp-pg-updated\" datetime=\"2026-09-01T20:57:31+00:00\">septiembre 1, 2026<\/time><\/span>\n\t\t\t\t<\/div>\n\t\t\t\t\t<\/div>\n\n\t\t<a class=\"anwp-position-cover anwp-link-without-effects\" href=\"https:\/\/sabado100.com.ar\/es-ar\/el-biologo-rafael-lajmanovich-abordo-las-evidencias-cientificas-de-los-agroquimicos\/\" aria-hidden=\"true\" ><\/a>\n\t<\/div>\n<\/div>\n<div class=\"anwp-pg-post-teaser anwp-pg-post-teaser--layout-a swiper-slide w-auto anwp-pg-post-teaser--has-comments-meta\">\n\t<div class=\"anwp-pg-post-teaser__thumbnail position-relative\">\n\n\t\t\n\t\t\t\t\t<img loading=\"lazy\" class=\"anwp-pg-post-teaser__thumbnail-img d-block anwp-pg-height-220 anwp-pg-sm-height-280 anwp-pg-lg-height-280 anwp-object-cover m-0 w-100\"\n\t\t\t\talt=\"Rafaela particip\u00f3 del Santa Fe Business Forum con 40 empresas para mostrar su potencial productivo\"\n\t\t\t\tsrc=\"https:\/\/sabado100.com.ar\/es-ar\/wp-content\/uploads\/2026\/09\/WhatsApp-Image-2026-08-31-at-20.04.18-1024x768.jpeg\" \/>\n\t\t\n\t\t<div class=\"anwp-pg-post-teaser__muted_bg\"><\/div>\n\t\t<div class=\"anwp-pg-post-teaser__thumbnail-bg anwp-position-cover\"><\/div>\n\n\t\t<div class=\"anwp-pg-post-teaser__content d-flex flex-column anwp-position-cover\">\n\t\t\t<div class=\"anwp-pg-post-teaser__top-meta d-flex mb-2\">\n\t\t\t\t\t\t\t\t\t\t<span class=\"anwp-pg-post-teaser__meta-comments d-flex align-items-center mr-2\">\n\t\t\t\t\t\t\t<svg class=\"anwp-pg-icon anwp-pg-icon--s1em anwp-pg-icon--white mr-1\">\n\t\t\t\t\t\t\t\t<use xlink:href=\"#icon-anwp-pg-comment-discussion\"><\/use>\n\t\t\t\t\t\t\t<\/svg>\n\t\t\t\t\t\t\t0\t\t\t\t\t\t<\/span>\n\t\t\t\t\t\t\t\t\t<\/div>\n\n\t\t\t\t\t\t\t<div class=\"d-flex flex-column anwp-pg-post-teaser__category-column ml-auto\">\n\t\t\t\t\t<div class=\"anwp-pg-category__wrapper-filled px-2 d-flex align-items-center anwp-pg-post-teaser__category-wrapper align-self-end anwp-pg-category-parent-0\" style=\"background-color: #1565C0\"><span>Econom\u00eda<\/span><\/div>\t\t\t\t<\/div>\n\t\t\t\n\t\t\t<div class=\"anwp-pg-post-teaser__title anwp-font-heading mt-auto mb-1\">\n\t\t\t\tRafaela particip\u00f3 del Santa Fe Business Forum con 40 empresas para mostrar su potencial productivo\t\t\t<\/div>\n\n\t\t\t\t\t\t\t<div class=\"anwp-pg-post-teaser__bottom-meta mt-1 position-relative mb-2\">\n\t\t\t\t\t<span class=\"posted-on m-0\"><span class=\"screen-reader-text\">Posted on<\/span><time class=\"anwp-pg-published\" datetime=\"2026-09-01T14:58:12+00:00\">septiembre 1, 2026<\/time><time class=\"anwp-pg-updated\" datetime=\"2026-09-01T14:58:13+00:00\">septiembre 1, 2026<\/time><\/span>\n\t\t\t\t<\/div>\n\t\t\t\t\t<\/div>\n\n\t\t<a class=\"anwp-position-cover anwp-link-without-effects\" href=\"https:\/\/sabado100.com.ar\/es-ar\/rafaela-participo-del-santa-fe-business-forum-con-40-empresas-para-mostrar-su-potencial-productivo\/\" aria-hidden=\"true\" ><\/a>\n\t<\/div>\n<\/div>\n<div class=\"anwp-pg-post-teaser anwp-pg-post-teaser--layout-a swiper-slide w-auto anwp-pg-post-teaser--has-comments-meta\">\n\t<div class=\"anwp-pg-post-teaser__thumbnail position-relative\">\n\n\t\t\n\t\t\t\t\t<img loading=\"lazy\" class=\"anwp-pg-post-teaser__thumbnail-img d-block anwp-pg-height-220 anwp-pg-sm-height-280 anwp-pg-lg-height-280 anwp-object-cover m-0 w-100\"\n\t\t\t\talt=\"El legado de Messi: rompi\u00f3 todos los r\u00e9cords y logr\u00f3 la unanimidad, dentro y fuera de la cancha\"\n\t\t\t\tsrc=\"https:\/\/sabado100.com.ar\/es-ar\/wp-content\/uploads\/2026\/09\/WhatsApp-Image-2026-08-31-at-23.32.03.jpeg\" \/>\n\t\t\n\t\t<div class=\"anwp-pg-post-teaser__muted_bg\"><\/div>\n\t\t<div class=\"anwp-pg-post-teaser__thumbnail-bg anwp-position-cover\"><\/div>\n\n\t\t<div class=\"anwp-pg-post-teaser__content d-flex flex-column anwp-position-cover\">\n\t\t\t<div class=\"anwp-pg-post-teaser__top-meta d-flex mb-2\">\n\t\t\t\t\t\t\t\t\t\t<span class=\"anwp-pg-post-teaser__meta-comments d-flex align-items-center mr-2\">\n\t\t\t\t\t\t\t<svg class=\"anwp-pg-icon anwp-pg-icon--s1em anwp-pg-icon--white mr-1\">\n\t\t\t\t\t\t\t\t<use xlink:href=\"#icon-anwp-pg-comment-discussion\"><\/use>\n\t\t\t\t\t\t\t<\/svg>\n\t\t\t\t\t\t\t0\t\t\t\t\t\t<\/span>\n\t\t\t\t\t\t\t\t\t<\/div>\n\n\t\t\t\t\t\t\t<div class=\"d-flex flex-column anwp-pg-post-teaser__category-column ml-auto\">\n\t\t\t\t\t<div class=\"anwp-pg-category__wrapper-filled px-2 d-flex align-items-center anwp-pg-post-teaser__category-wrapper align-self-end anwp-pg-category-parent-0\" style=\"background-color: #1565C0\"><span>Deportes<\/span><\/div>\t\t\t\t<\/div>\n\t\t\t\n\t\t\t<div class=\"anwp-pg-post-teaser__title anwp-font-heading mt-auto mb-1\">\n\t\t\t\tEl legado de Messi: rompi\u00f3 todos los r\u00e9cords y logr\u00f3 la unanimidad, dentro y fuera de la cancha\t\t\t<\/div>\n\n\t\t\t\t\t\t\t<div class=\"anwp-pg-post-teaser__bottom-meta mt-1 position-relative mb-2\">\n\t\t\t\t\t<span class=\"posted-on m-0\"><span class=\"screen-reader-text\">Posted on<\/span><time class=\"anwp-pg-published\" datetime=\"2026-09-01T02:34:38+00:00\">septiembre 1, 2026<\/time><time class=\"anwp-pg-updated\" datetime=\"2026-09-01T02:34:40+00:00\">septiembre 1, 2026<\/time><\/span>\n\t\t\t\t<\/div>\n\t\t\t\t\t<\/div>\n\n\t\t<a class=\"anwp-position-cover anwp-link-without-effects\" href=\"https:\/\/sabado100.com.ar\/es-ar\/el-legado-de-messi-rompio-todos-los-records-y-logro-la-unanimidad-dentro-y-fuera-de-la-cancha\/\" aria-hidden=\"true\" ><\/a>\n\t<\/div>\n<\/div>\n<div class=\"anwp-pg-post-teaser anwp-pg-post-teaser--layout-a swiper-slide w-auto anwp-pg-post-teaser--has-comments-meta\">\n\t<div class=\"anwp-pg-post-teaser__thumbnail position-relative\">\n\n\t\t\n\t\t\t\t\t<img loading=\"lazy\" class=\"anwp-pg-post-teaser__thumbnail-img d-block anwp-pg-height-220 anwp-pg-sm-height-280 anwp-pg-lg-height-280 anwp-object-cover m-0 w-100\"\n\t\t\t\talt=\"Se estren\u00f3 el 11\u00ba episodio de la segunda temporada de El Lienzo con Germ\u00e1n Gaggiotti\"\n\t\t\t\tsrc=\"https:\/\/sabado100.com.ar\/es-ar\/wp-content\/uploads\/2026\/08\/35461_g.jpg\" \/>\n\t\t\n\t\t<div class=\"anwp-pg-post-teaser__muted_bg\"><\/div>\n\t\t<div class=\"anwp-pg-post-teaser__thumbnail-bg anwp-position-cover\"><\/div>\n\n\t\t<div class=\"anwp-pg-post-teaser__content d-flex flex-column anwp-position-cover\">\n\t\t\t<div class=\"anwp-pg-post-teaser__top-meta d-flex mb-2\">\n\t\t\t\t\t\t\t\t\t\t<span class=\"anwp-pg-post-teaser__meta-comments d-flex align-items-center mr-2\">\n\t\t\t\t\t\t\t<svg class=\"anwp-pg-icon anwp-pg-icon--s1em anwp-pg-icon--white mr-1\">\n\t\t\t\t\t\t\t\t<use xlink:href=\"#icon-anwp-pg-comment-discussion\"><\/use>\n\t\t\t\t\t\t\t<\/svg>\n\t\t\t\t\t\t\t0\t\t\t\t\t\t<\/span>\n\t\t\t\t\t\t\t\t\t<\/div>\n\n\t\t\t\t\t\t\t<div class=\"d-flex flex-column anwp-pg-post-teaser__category-column ml-auto\">\n\t\t\t\t\t<div class=\"anwp-pg-category__wrapper-filled px-2 d-flex align-items-center anwp-pg-post-teaser__category-wrapper align-self-end anwp-pg-category-parent-0\" style=\"background-color: #1565C0\"><span>Cultura y Sociedad<\/span><\/div>\t\t\t\t<\/div>\n\t\t\t\n\t\t\t<div class=\"anwp-pg-post-teaser__title anwp-font-heading mt-auto mb-1\">\n\t\t\t\tSe estren\u00f3 el 11\u00ba episodio de la segunda temporada de El Lienzo con Germ\u00e1n Gaggiotti\t\t\t<\/div>\n\n\t\t\t\t\t\t\t<div class=\"anwp-pg-post-teaser__bottom-meta mt-1 position-relative mb-2\">\n\t\t\t\t\t<span class=\"posted-on m-0\"><span class=\"screen-reader-text\">Posted on<\/span><time class=\"anwp-pg-published\" datetime=\"2026-08-31T20:36:34+00:00\">agosto 31, 2026<\/time><time class=\"anwp-pg-updated\" datetime=\"2026-08-31T20:36:35+00:00\">agosto 31, 2026<\/time><\/span>\n\t\t\t\t<\/div>\n\t\t\t\t\t<\/div>\n\n\t\t<a class=\"anwp-position-cover anwp-link-without-effects\" href=\"https:\/\/sabado100.com.ar\/es-ar\/se-estreno-el-11o-episodio-de-la-segunda-temporada-de-el-lienzo-con-german-gaggiotti\/\" aria-hidden=\"true\" ><\/a>\n\t<\/div>\n<\/div>\n<div class=\"anwp-pg-post-teaser anwp-pg-post-teaser--layout-a swiper-slide w-auto anwp-pg-post-teaser--has-comments-meta\">\n\t<div class=\"anwp-pg-post-teaser__thumbnail position-relative\">\n\n\t\t\n\t\t\t\t\t<img loading=\"lazy\" class=\"anwp-pg-post-teaser__thumbnail-img d-block anwp-pg-height-220 anwp-pg-sm-height-280 anwp-pg-lg-height-280 anwp-object-cover m-0 w-100\"\n\t\t\t\talt=\"Antonio Bonfatti presenta su libro en Rafaela\"\n\t\t\t\tsrc=\"https:\/\/sabado100.com.ar\/es-ar\/wp-content\/uploads\/2026\/08\/WhatsApp-Image-2026-08-31-at-11.12.24-1024x684.jpeg\" \/>\n\t\t\n\t\t<div class=\"anwp-pg-post-teaser__muted_bg\"><\/div>\n\t\t<div class=\"anwp-pg-post-teaser__thumbnail-bg anwp-position-cover\"><\/div>\n\n\t\t<div class=\"anwp-pg-post-teaser__content d-flex flex-column anwp-position-cover\">\n\t\t\t<div class=\"anwp-pg-post-teaser__top-meta d-flex mb-2\">\n\t\t\t\t\t\t\t\t\t\t<span class=\"anwp-pg-post-teaser__meta-comments d-flex align-items-center mr-2\">\n\t\t\t\t\t\t\t<svg class=\"anwp-pg-icon anwp-pg-icon--s1em anwp-pg-icon--white mr-1\">\n\t\t\t\t\t\t\t\t<use xlink:href=\"#icon-anwp-pg-comment-discussion\"><\/use>\n\t\t\t\t\t\t\t<\/svg>\n\t\t\t\t\t\t\t0\t\t\t\t\t\t<\/span>\n\t\t\t\t\t\t\t\t\t<\/div>\n\n\t\t\t\t\t\t\t<div class=\"d-flex flex-column anwp-pg-post-teaser__category-column ml-auto\">\n\t\t\t\t\t<div class=\"anwp-pg-category__wrapper-filled px-2 d-flex align-items-center anwp-pg-post-teaser__category-wrapper align-self-end anwp-pg-category-parent-0\" style=\"background-color: #1565C0\"><span>Cultura y Sociedad<\/span><\/div>\t\t\t\t<\/div>\n\t\t\t\n\t\t\t<div class=\"anwp-pg-post-teaser__title anwp-font-heading mt-auto mb-1\">\n\t\t\t\tAntonio Bonfatti presenta su libro en Rafaela\t\t\t<\/div>\n\n\t\t\t\t\t\t\t<div class=\"anwp-pg-post-teaser__bottom-meta mt-1 position-relative mb-2\">\n\t\t\t\t\t<span class=\"posted-on m-0\"><span class=\"screen-reader-text\">Posted on<\/span><time class=\"anwp-pg-published\" datetime=\"2026-08-31T20:26:59+00:00\">agosto 31, 2026<\/time><time class=\"anwp-pg-updated\" datetime=\"2026-08-31T20:27:01+00:00\">agosto 31, 2026<\/time><\/span>\n\t\t\t\t<\/div>\n\t\t\t\t\t<\/div>\n\n\t\t<a class=\"anwp-position-cover anwp-link-without-effects\" href=\"https:\/\/sabado100.com.ar\/es-ar\/antonio-bonfatti-presenta-su-libro-en-rafaela\/\" aria-hidden=\"true\" ><\/a>\n\t<\/div>\n<\/div>\n<div class=\"anwp-pg-post-teaser anwp-pg-post-teaser--layout-a swiper-slide w-auto anwp-pg-post-teaser--has-comments-meta\">\n\t<div class=\"anwp-pg-post-teaser__thumbnail position-relative\">\n\n\t\t\n\t\t\t\t\t<img loading=\"lazy\" class=\"anwp-pg-post-teaser__thumbnail-img d-block anwp-pg-height-220 anwp-pg-sm-height-280 anwp-pg-lg-height-280 anwp-object-cover m-0 w-100\"\n\t\t\t\talt=\"Proponen rechazar el proyecto de ley provincial sobre discursos de odio\"\n\t\t\t\tsrc=\"https:\/\/sabado100.com.ar\/es-ar\/wp-content\/uploads\/2026\/08\/WhatsApp-Image-2026-08-31-at-12.59.31-1024x768.jpeg\" \/>\n\t\t\n\t\t<div class=\"anwp-pg-post-teaser__muted_bg\"><\/div>\n\t\t<div class=\"anwp-pg-post-teaser__thumbnail-bg anwp-position-cover\"><\/div>\n\n\t\t<div class=\"anwp-pg-post-teaser__content d-flex flex-column anwp-position-cover\">\n\t\t\t<div class=\"anwp-pg-post-teaser__top-meta d-flex mb-2\">\n\t\t\t\t\t\t\t\t\t\t<span class=\"anwp-pg-post-teaser__meta-comments d-flex align-items-center mr-2\">\n\t\t\t\t\t\t\t<svg class=\"anwp-pg-icon anwp-pg-icon--s1em anwp-pg-icon--white mr-1\">\n\t\t\t\t\t\t\t\t<use xlink:href=\"#icon-anwp-pg-comment-discussion\"><\/use>\n\t\t\t\t\t\t\t<\/svg>\n\t\t\t\t\t\t\t0\t\t\t\t\t\t<\/span>\n\t\t\t\t\t\t\t\t\t<\/div>\n\n\t\t\t\t\t\t\t<div class=\"d-flex flex-column anwp-pg-post-teaser__category-column ml-auto\">\n\t\t\t\t\t<div class=\"anwp-pg-category__wrapper-filled px-2 d-flex align-items-center anwp-pg-post-teaser__category-wrapper align-self-end anwp-pg-category-parent-0\" style=\"background-color: #1565C0\"><span>Pol\u00edtica<\/span><\/div>\t\t\t\t<\/div>\n\t\t\t\n\t\t\t<div class=\"anwp-pg-post-teaser__title anwp-font-heading mt-auto mb-1\">\n\t\t\t\tProponen rechazar el proyecto de ley provincial sobre discursos de odio\t\t\t<\/div>\n\n\t\t\t\t\t\t\t<div class=\"anwp-pg-post-teaser__bottom-meta mt-1 position-relative mb-2\">\n\t\t\t\t\t<span class=\"posted-on m-0\"><span class=\"screen-reader-text\">Posted on<\/span><time class=\"anwp-pg-published\" datetime=\"2026-08-31T19:07:29+00:00\">agosto 31, 2026<\/time><time class=\"anwp-pg-updated\" datetime=\"2026-08-31T19:07:30+00:00\">agosto 31, 2026<\/time><\/span>\n\t\t\t\t<\/div>\n\t\t\t\t\t<\/div>\n\n\t\t<a class=\"anwp-position-cover anwp-link-without-effects\" href=\"https:\/\/sabado100.com.ar\/es-ar\/proponen-rechazar-el-proyecto-de-ley-provincial-sobre-discursos-de-odio\/\" aria-hidden=\"true\" ><\/a>\n\t<\/div>\n<\/div>\n<div class=\"anwp-pg-post-teaser anwp-pg-post-teaser--layout-a swiper-slide w-auto anwp-pg-post-teaser--has-comments-meta\">\n\t<div class=\"anwp-pg-post-teaser__thumbnail position-relative\">\n\n\t\t\n\t\t\t\t\t<img loading=\"lazy\" class=\"anwp-pg-post-teaser__thumbnail-img d-block anwp-pg-height-220 anwp-pg-sm-height-280 anwp-pg-lg-height-280 anwp-object-cover m-0 w-100\"\n\t\t\t\talt=\"Sanci\u00f3n definitiva para la creaci\u00f3n de un establecimiento educativo multinivel en Rafaela\"\n\t\t\t\tsrc=\"https:\/\/sabado100.com.ar\/es-ar\/wp-content\/uploads\/2026\/08\/WhatsApp-Image-2026-08-31-at-09.45.03-1024x682.jpeg\" \/>\n\t\t\n\t\t<div class=\"anwp-pg-post-teaser__muted_bg\"><\/div>\n\t\t<div class=\"anwp-pg-post-teaser__thumbnail-bg anwp-position-cover\"><\/div>\n\n\t\t<div class=\"anwp-pg-post-teaser__content d-flex flex-column anwp-position-cover\">\n\t\t\t<div class=\"anwp-pg-post-teaser__top-meta d-flex mb-2\">\n\t\t\t\t\t\t\t\t\t\t<span class=\"anwp-pg-post-teaser__meta-comments d-flex align-items-center mr-2\">\n\t\t\t\t\t\t\t<svg class=\"anwp-pg-icon anwp-pg-icon--s1em anwp-pg-icon--white mr-1\">\n\t\t\t\t\t\t\t\t<use xlink:href=\"#icon-anwp-pg-comment-discussion\"><\/use>\n\t\t\t\t\t\t\t<\/svg>\n\t\t\t\t\t\t\t0\t\t\t\t\t\t<\/span>\n\t\t\t\t\t\t\t\t\t<\/div>\n\n\t\t\t\t\t\t\t<div class=\"d-flex flex-column anwp-pg-post-teaser__category-column ml-auto\">\n\t\t\t\t\t<div class=\"anwp-pg-category__wrapper-filled px-2 d-flex align-items-center anwp-pg-post-teaser__category-wrapper align-self-end anwp-pg-category-parent-0\" style=\"background-color: #1565C0\"><span>Pol\u00edtica<\/span><\/div>\t\t\t\t<\/div>\n\t\t\t\n\t\t\t<div class=\"anwp-pg-post-teaser__title anwp-font-heading mt-auto mb-1\">\n\t\t\t\tSanci\u00f3n definitiva para la creaci\u00f3n de un establecimiento educativo multinivel en Rafaela\t\t\t<\/div>\n\n\t\t\t\t\t\t\t<div class=\"anwp-pg-post-teaser__bottom-meta mt-1 position-relative mb-2\">\n\t\t\t\t\t<span class=\"posted-on m-0\"><span class=\"screen-reader-text\">Posted on<\/span><time class=\"anwp-pg-published\" datetime=\"2026-08-31T14:50:49+00:00\">agosto 31, 2026<\/time><time class=\"anwp-pg-updated\" datetime=\"2026-08-31T14:50:51+00:00\">agosto 31, 2026<\/time><\/span>\n\t\t\t\t<\/div>\n\t\t\t\t\t<\/div>\n\n\t\t<a class=\"anwp-position-cover anwp-link-without-effects\" href=\"https:\/\/sabado100.com.ar\/es-ar\/sancion-definitiva-para-la-creacion-de-un-establecimiento-educativo-multinivel-en-rafaela\/\" aria-hidden=\"true\" ><\/a>\n\t<\/div>\n<\/div>\n<div class=\"anwp-pg-post-teaser anwp-pg-post-teaser--layout-a swiper-slide w-auto anwp-pg-post-teaser--has-comments-meta\">\n\t<div class=\"anwp-pg-post-teaser__thumbnail position-relative\">\n\n\t\t\n\t\t\t\t\t<img loading=\"lazy\" class=\"anwp-pg-post-teaser__thumbnail-img d-block anwp-pg-height-220 anwp-pg-sm-height-280 anwp-pg-lg-height-280 anwp-object-cover m-0 w-100\"\n\t\t\t\talt=\"La Asociaci\u00f3n Lombarda de Rafaela celebra su 25\u00ba aniversario\"\n\t\t\t\tsrc=\"https:\/\/sabado100.com.ar\/es-ar\/wp-content\/uploads\/2026\/08\/WhatsApp-Image-2026-08-31-at-11.10.01-1024x768.jpeg\" \/>\n\t\t\n\t\t<div class=\"anwp-pg-post-teaser__muted_bg\"><\/div>\n\t\t<div class=\"anwp-pg-post-teaser__thumbnail-bg anwp-position-cover\"><\/div>\n\n\t\t<div class=\"anwp-pg-post-teaser__content d-flex flex-column anwp-position-cover\">\n\t\t\t<div class=\"anwp-pg-post-teaser__top-meta d-flex mb-2\">\n\t\t\t\t\t\t\t\t\t\t<span class=\"anwp-pg-post-teaser__meta-comments d-flex align-items-center mr-2\">\n\t\t\t\t\t\t\t<svg class=\"anwp-pg-icon anwp-pg-icon--s1em anwp-pg-icon--white mr-1\">\n\t\t\t\t\t\t\t\t<use xlink:href=\"#icon-anwp-pg-comment-discussion\"><\/use>\n\t\t\t\t\t\t\t<\/svg>\n\t\t\t\t\t\t\t0\t\t\t\t\t\t<\/span>\n\t\t\t\t\t\t\t\t\t<\/div>\n\n\t\t\t\t\t\t\t<div class=\"d-flex flex-column anwp-pg-post-teaser__category-column ml-auto\">\n\t\t\t\t\t<div class=\"anwp-pg-category__wrapper-filled px-2 d-flex align-items-center anwp-pg-post-teaser__category-wrapper align-self-end anwp-pg-category-parent-0\" style=\"background-color: #1565C0\"><span>Cultura y Sociedad<\/span><\/div>\t\t\t\t<\/div>\n\t\t\t\n\t\t\t<div class=\"anwp-pg-post-teaser__title anwp-font-heading mt-auto mb-1\">\n\t\t\t\tLa Asociaci\u00f3n Lombarda de Rafaela celebra su 25\u00ba aniversario\t\t\t<\/div>\n\n\t\t\t\t\t\t\t<div class=\"anwp-pg-post-teaser__bottom-meta mt-1 position-relative mb-2\">\n\t\t\t\t\t<span class=\"posted-on m-0\"><span class=\"screen-reader-text\">Posted on<\/span><time class=\"anwp-pg-published\" datetime=\"2026-08-31T14:14:05+00:00\">agosto 31, 2026<\/time><time class=\"anwp-pg-updated\" datetime=\"2026-08-31T14:14:07+00:00\">agosto 31, 2026<\/time><\/span>\n\t\t\t\t<\/div>\n\t\t\t\t\t<\/div>\n\n\t\t<a class=\"anwp-position-cover anwp-link-without-effects\" href=\"https:\/\/sabado100.com.ar\/es-ar\/la-asociacion-lombarda-de-rafaela-celebra-su-25o-aniversario\/\" aria-hidden=\"true\" ><\/a>\n\t<\/div>\n<\/div>\n<div class=\"anwp-pg-post-teaser anwp-pg-post-teaser--layout-a swiper-slide w-auto anwp-pg-post-teaser--has-comments-meta\">\n\t<div class=\"anwp-pg-post-teaser__thumbnail position-relative\">\n\n\t\t\n\t\t\t\t\t<img loading=\"lazy\" class=\"anwp-pg-post-teaser__thumbnail-img d-block anwp-pg-height-220 anwp-pg-sm-height-280 anwp-pg-lg-height-280 anwp-object-cover m-0 w-100\"\n\t\t\t\talt=\"Cerr\u00f3 la 119\u00aa edici\u00f3n de la Expo Rural con una fuerte convocatoria y el acompa\u00f1amiento del Municipio\"\n\t\t\t\tsrc=\"https:\/\/sabado100.com.ar\/es-ar\/wp-content\/uploads\/2026\/08\/WhatsApp-Image-2026-08-30-at-20.37.50-1024x689.jpeg\" \/>\n\t\t\n\t\t<div class=\"anwp-pg-post-teaser__muted_bg\"><\/div>\n\t\t<div class=\"anwp-pg-post-teaser__thumbnail-bg anwp-position-cover\"><\/div>\n\n\t\t<div class=\"anwp-pg-post-teaser__content d-flex flex-column anwp-position-cover\">\n\t\t\t<div class=\"anwp-pg-post-teaser__top-meta d-flex mb-2\">\n\t\t\t\t\t\t\t\t\t\t<span class=\"anwp-pg-post-teaser__meta-comments d-flex align-items-center mr-2\">\n\t\t\t\t\t\t\t<svg class=\"anwp-pg-icon anwp-pg-icon--s1em anwp-pg-icon--white mr-1\">\n\t\t\t\t\t\t\t\t<use xlink:href=\"#icon-anwp-pg-comment-discussion\"><\/use>\n\t\t\t\t\t\t\t<\/svg>\n\t\t\t\t\t\t\t0\t\t\t\t\t\t<\/span>\n\t\t\t\t\t\t\t\t\t<\/div>\n\n\t\t\t\t\t\t\t<div class=\"d-flex flex-column anwp-pg-post-teaser__category-column ml-auto\">\n\t\t\t\t\t<div class=\"anwp-pg-category__wrapper-filled px-2 d-flex align-items-center anwp-pg-post-teaser__category-wrapper align-self-end anwp-pg-category-parent-0\" style=\"background-color: #1565C0\"><span>Pol\u00edtica<\/span><\/div>\t\t\t\t<\/div>\n\t\t\t\n\t\t\t<div class=\"anwp-pg-post-teaser__title anwp-font-heading mt-auto mb-1\">\n\t\t\t\tCerr\u00f3 la 119\u00aa edici\u00f3n de la Expo Rural con una fuerte convocatoria y el acompa\u00f1amiento del Municipio\t\t\t<\/div>\n\n\t\t\t\t\t\t\t<div class=\"anwp-pg-post-teaser__bottom-meta mt-1 position-relative mb-2\">\n\t\t\t\t\t<span class=\"posted-on m-0\"><span class=\"screen-reader-text\">Posted on<\/span><time class=\"anwp-pg-published\" datetime=\"2026-08-30T23:56:58+00:00\">agosto 30, 2026<\/time><time class=\"anwp-pg-updated\" datetime=\"2026-08-30T23:56:59+00:00\">agosto 30, 2026<\/time><\/span>\n\t\t\t\t<\/div>\n\t\t\t\t\t<\/div>\n\n\t\t<a class=\"anwp-position-cover anwp-link-without-effects\" href=\"https:\/\/sabado100.com.ar\/es-ar\/cerro-la-119a-edicion-de-la-expo-rural-con-una-fuerte-convocatoria-y-el-acompanamiento-del-municipio\/\" aria-hidden=\"true\" ><\/a>\n\t<\/div>\n<\/div>\n<div class=\"anwp-pg-post-teaser anwp-pg-post-teaser--layout-a swiper-slide w-auto anwp-pg-post-teaser--has-comments-meta\">\n\t<div class=\"anwp-pg-post-teaser__thumbnail position-relative\">\n\n\t\t\n\t\t\t\t\t<img loading=\"lazy\" class=\"anwp-pg-post-teaser__thumbnail-img d-block anwp-pg-height-220 anwp-pg-sm-height-280 anwp-pg-lg-height-280 anwp-object-cover m-0 w-100\"\n\t\t\t\talt=\"Scavino: \u00abel PJ invent\u00f3, las pruebas son irrefutables y tienen que retractarse\u00bb\"\n\t\t\t\tsrc=\"https:\/\/sabado100.com.ar\/es-ar\/wp-content\/uploads\/2026\/08\/WhatsApp-Image-2026-08-30-at-20.39.43-1024x768.jpeg\" \/>\n\t\t\n\t\t<div class=\"anwp-pg-post-teaser__muted_bg\"><\/div>\n\t\t<div class=\"anwp-pg-post-teaser__thumbnail-bg anwp-position-cover\"><\/div>\n\n\t\t<div class=\"anwp-pg-post-teaser__content d-flex flex-column anwp-position-cover\">\n\t\t\t<div class=\"anwp-pg-post-teaser__top-meta d-flex mb-2\">\n\t\t\t\t\t\t\t\t\t\t<span class=\"anwp-pg-post-teaser__meta-comments d-flex align-items-center mr-2\">\n\t\t\t\t\t\t\t<svg class=\"anwp-pg-icon anwp-pg-icon--s1em anwp-pg-icon--white mr-1\">\n\t\t\t\t\t\t\t\t<use xlink:href=\"#icon-anwp-pg-comment-discussion\"><\/use>\n\t\t\t\t\t\t\t<\/svg>\n\t\t\t\t\t\t\t0\t\t\t\t\t\t<\/span>\n\t\t\t\t\t\t\t\t\t<\/div>\n\n\t\t\t\t\t\t\t<div class=\"d-flex flex-column anwp-pg-post-teaser__category-column ml-auto\">\n\t\t\t\t\t<div class=\"anwp-pg-category__wrapper-filled px-2 d-flex align-items-center anwp-pg-post-teaser__category-wrapper align-self-end anwp-pg-category-parent-0\" style=\"background-color: #1565C0\"><span>Pol\u00edtica<\/span><\/div>\t\t\t\t<\/div>\n\t\t\t\n\t\t\t<div class=\"anwp-pg-post-teaser__title anwp-font-heading mt-auto mb-1\">\n\t\t\t\tScavino: \u00abel PJ invent\u00f3, las pruebas son irrefutables y tienen que retractarse\u00bb\t\t\t<\/div>\n\n\t\t\t\t\t\t\t<div class=\"anwp-pg-post-teaser__bottom-meta mt-1 position-relative mb-2\">\n\t\t\t\t\t<span class=\"posted-on m-0\"><span class=\"screen-reader-text\">Posted on<\/span><time class=\"anwp-pg-published\" datetime=\"2026-08-30T23:50:38+00:00\">agosto 30, 2026<\/time><time class=\"anwp-pg-updated\" datetime=\"2026-08-30T23:50:40+00:00\">agosto 30, 2026<\/time><\/span>\n\t\t\t\t<\/div>\n\t\t\t\t\t<\/div>\n\n\t\t<a class=\"anwp-position-cover anwp-link-without-effects\" href=\"https:\/\/sabado100.com.ar\/es-ar\/scavino-el-pj-invento-las-pruebas-son-irrefutables-y-tienen-que-retractarse\/\" aria-hidden=\"true\" ><\/a>\n\t<\/div>\n<\/div>\n<div class=\"anwp-pg-post-teaser anwp-pg-post-teaser--layout-a swiper-slide w-auto anwp-pg-post-teaser--has-comments-meta\">\n\t<div class=\"anwp-pg-post-teaser__thumbnail position-relative\">\n\n\t\t\n\t\t\t\t\t<img loading=\"lazy\" class=\"anwp-pg-post-teaser__thumbnail-img d-block anwp-pg-height-220 anwp-pg-sm-height-280 anwp-pg-lg-height-280 anwp-object-cover m-0 w-100\"\n\t\t\t\talt=\"\u201cDisponer de fondos en el campo se traduce en mayor inversi\u00f3n, en crecimiento y desarrollo\u201d\"\n\t\t\t\tsrc=\"https:\/\/sabado100.com.ar\/es-ar\/wp-content\/uploads\/2026\/08\/WhatsApp-Image-2026-08-30-at-17.10.26-1536x1027-1-1024x685.jpeg\" \/>\n\t\t\n\t\t<div class=\"anwp-pg-post-teaser__muted_bg\"><\/div>\n\t\t<div class=\"anwp-pg-post-teaser__thumbnail-bg anwp-position-cover\"><\/div>\n\n\t\t<div class=\"anwp-pg-post-teaser__content d-flex flex-column anwp-position-cover\">\n\t\t\t<div class=\"anwp-pg-post-teaser__top-meta d-flex mb-2\">\n\t\t\t\t\t\t\t\t\t\t<span class=\"anwp-pg-post-teaser__meta-comments d-flex align-items-center mr-2\">\n\t\t\t\t\t\t\t<svg class=\"anwp-pg-icon anwp-pg-icon--s1em anwp-pg-icon--white mr-1\">\n\t\t\t\t\t\t\t\t<use xlink:href=\"#icon-anwp-pg-comment-discussion\"><\/use>\n\t\t\t\t\t\t\t<\/svg>\n\t\t\t\t\t\t\t0\t\t\t\t\t\t<\/span>\n\t\t\t\t\t\t\t\t\t<\/div>\n\n\t\t\t\t\t\t\t<div class=\"d-flex flex-column anwp-pg-post-teaser__category-column ml-auto\">\n\t\t\t\t\t<div class=\"anwp-pg-category__wrapper-filled px-2 d-flex align-items-center anwp-pg-post-teaser__category-wrapper align-self-end anwp-pg-category-parent-0\" style=\"background-color: #1565C0\"><span>Econom\u00eda<\/span><\/div>\t\t\t\t<\/div>\n\t\t\t\n\t\t\t<div class=\"anwp-pg-post-teaser__title anwp-font-heading mt-auto mb-1\">\n\t\t\t\t\u201cDisponer de fondos en el campo se traduce en mayor inversi\u00f3n, en crecimiento y desarrollo\u201d\t\t\t<\/div>\n\n\t\t\t\t\t\t\t<div class=\"anwp-pg-post-teaser__bottom-meta mt-1 position-relative mb-2\">\n\t\t\t\t\t<span class=\"posted-on m-0\"><span class=\"screen-reader-text\">Posted on<\/span><time class=\"anwp-pg-published\" datetime=\"2026-08-30T21:41:22+00:00\">agosto 30, 2026<\/time><time class=\"anwp-pg-updated\" datetime=\"2026-08-30T21:41:24+00:00\">agosto 30, 2026<\/time><\/span>\n\t\t\t\t<\/div>\n\t\t\t\t\t<\/div>\n\n\t\t<a class=\"anwp-position-cover anwp-link-without-effects\" href=\"https:\/\/sabado100.com.ar\/es-ar\/disponer-de-fondos-en-el-campo-se-traduce-en-mayor-inversion-en-crecimiento-y-desarrollo\/\" aria-hidden=\"true\" ><\/a>\n\t<\/div>\n<\/div>\n<div class=\"anwp-pg-post-teaser anwp-pg-post-teaser--layout-a swiper-slide w-auto anwp-pg-post-teaser--has-comments-meta\">\n\t<div class=\"anwp-pg-post-teaser__thumbnail position-relative\">\n\n\t\t\n\t\t\t\t\t<img loading=\"lazy\" class=\"anwp-pg-post-teaser__thumbnail-img d-block anwp-pg-height-220 anwp-pg-sm-height-280 anwp-pg-lg-height-280 anwp-object-cover m-0 w-100\"\n\t\t\t\talt=\"Violencia y furia contra el periodismo\"\n\t\t\t\tsrc=\"https:\/\/sabado100.com.ar\/es-ar\/wp-content\/uploads\/2026\/08\/WhatsApp-Image-2026-08-30-at-09.37.16-1024x683.jpeg\" \/>\n\t\t\n\t\t<div class=\"anwp-pg-post-teaser__muted_bg\"><\/div>\n\t\t<div class=\"anwp-pg-post-teaser__thumbnail-bg anwp-position-cover\"><\/div>\n\n\t\t<div class=\"anwp-pg-post-teaser__content d-flex flex-column anwp-position-cover\">\n\t\t\t<div class=\"anwp-pg-post-teaser__top-meta d-flex mb-2\">\n\t\t\t\t\t\t\t\t\t\t<span class=\"anwp-pg-post-teaser__meta-comments d-flex align-items-center mr-2\">\n\t\t\t\t\t\t\t<svg class=\"anwp-pg-icon anwp-pg-icon--s1em anwp-pg-icon--white mr-1\">\n\t\t\t\t\t\t\t\t<use xlink:href=\"#icon-anwp-pg-comment-discussion\"><\/use>\n\t\t\t\t\t\t\t<\/svg>\n\t\t\t\t\t\t\t0\t\t\t\t\t\t<\/span>\n\t\t\t\t\t\t\t\t\t<\/div>\n\n\t\t\t\t\t\t\t<div class=\"d-flex flex-column anwp-pg-post-teaser__category-column ml-auto\">\n\t\t\t\t\t<div class=\"anwp-pg-category__wrapper-filled px-2 d-flex align-items-center anwp-pg-post-teaser__category-wrapper align-self-end anwp-pg-category-parent-0\" style=\"background-color: #1565C0\"><span>Pol\u00edtica<\/span><\/div>\t\t\t\t<\/div>\n\t\t\t\n\t\t\t<div class=\"anwp-pg-post-teaser__title anwp-font-heading mt-auto mb-1\">\n\t\t\t\tViolencia y furia contra el periodismo\t\t\t<\/div>\n\n\t\t\t\t\t\t\t<div class=\"anwp-pg-post-teaser__bottom-meta mt-1 position-relative mb-2\">\n\t\t\t\t\t<span class=\"posted-on m-0\"><span class=\"screen-reader-text\">Posted on<\/span><time class=\"anwp-pg-published\" datetime=\"2026-08-30T13:04:19+00:00\">agosto 30, 2026<\/time><time class=\"anwp-pg-updated\" datetime=\"2026-08-30T13:04:21+00:00\">agosto 30, 2026<\/time><\/span>\n\t\t\t\t<\/div>\n\t\t\t\t\t<\/div>\n\n\t\t<a class=\"anwp-position-cover anwp-link-without-effects\" href=\"https:\/\/sabado100.com.ar\/es-ar\/violencia-y-furia-contra-el-periodismo\/\" aria-hidden=\"true\" ><\/a>\n\t<\/div>\n<\/div>\n<div class=\"anwp-pg-post-teaser anwp-pg-post-teaser--layout-a swiper-slide w-auto anwp-pg-post-teaser--has-comments-meta\">\n\t<div class=\"anwp-pg-post-teaser__thumbnail position-relative\">\n\n\t\t\n\t\t\t\t\t<img loading=\"lazy\" class=\"anwp-pg-post-teaser__thumbnail-img d-block anwp-pg-height-220 anwp-pg-sm-height-280 anwp-pg-lg-height-280 anwp-object-cover m-0 w-100\"\n\t\t\t\talt=\"Solicitan a la Legislatura eliminar restricciones durante la veda electoral\"\n\t\t\t\tsrc=\"https:\/\/sabado100.com.ar\/es-ar\/wp-content\/uploads\/2026\/08\/WhatsApp-Image-2026-08-24-at-09.28.19-1-1024x768.jpeg\" \/>\n\t\t\n\t\t<div class=\"anwp-pg-post-teaser__muted_bg\"><\/div>\n\t\t<div class=\"anwp-pg-post-teaser__thumbnail-bg anwp-position-cover\"><\/div>\n\n\t\t<div class=\"anwp-pg-post-teaser__content d-flex flex-column anwp-position-cover\">\n\t\t\t<div class=\"anwp-pg-post-teaser__top-meta d-flex mb-2\">\n\t\t\t\t\t\t\t\t\t\t<span class=\"anwp-pg-post-teaser__meta-comments d-flex align-items-center mr-2\">\n\t\t\t\t\t\t\t<svg class=\"anwp-pg-icon anwp-pg-icon--s1em anwp-pg-icon--white mr-1\">\n\t\t\t\t\t\t\t\t<use xlink:href=\"#icon-anwp-pg-comment-discussion\"><\/use>\n\t\t\t\t\t\t\t<\/svg>\n\t\t\t\t\t\t\t0\t\t\t\t\t\t<\/span>\n\t\t\t\t\t\t\t\t\t<\/div>\n\n\t\t\t\t\t\t\t<div class=\"d-flex flex-column anwp-pg-post-teaser__category-column ml-auto\">\n\t\t\t\t\t<div class=\"anwp-pg-category__wrapper-filled px-2 d-flex align-items-center anwp-pg-post-teaser__category-wrapper align-self-end anwp-pg-category-parent-0\" style=\"background-color: #1565C0\"><span>Pol\u00edtica<\/span><\/div>\t\t\t\t<\/div>\n\t\t\t\n\t\t\t<div class=\"anwp-pg-post-teaser__title anwp-font-heading mt-auto mb-1\">\n\t\t\t\tSolicitan a la Legislatura eliminar restricciones durante la veda electoral\t\t\t<\/div>\n\n\t\t\t\t\t\t\t<div class=\"anwp-pg-post-teaser__bottom-meta mt-1 position-relative mb-2\">\n\t\t\t\t\t<span class=\"posted-on m-0\"><span class=\"screen-reader-text\">Posted on<\/span><time class=\"anwp-pg-published\" datetime=\"2026-08-30T12:34:43+00:00\">agosto 30, 2026<\/time><time class=\"anwp-pg-updated\" datetime=\"2026-08-30T12:35:06+00:00\">agosto 30, 2026<\/time><\/span>\n\t\t\t\t<\/div>\n\t\t\t\t\t<\/div>\n\n\t\t<a class=\"anwp-position-cover anwp-link-without-effects\" href=\"https:\/\/sabado100.com.ar\/es-ar\/solicitan-a-la-legislatura-eliminar-restricciones-durante-la-veda-electoral\/\" aria-hidden=\"true\" ><\/a>\n\t<\/div>\n<\/div>\n<div class=\"anwp-pg-post-teaser anwp-pg-post-teaser--layout-a swiper-slide w-auto anwp-pg-post-teaser--has-comments-meta\">\n\t<div class=\"anwp-pg-post-teaser__thumbnail position-relative\">\n\n\t\t\n\t\t\t\t\t<img loading=\"lazy\" class=\"anwp-pg-post-teaser__thumbnail-img d-block anwp-pg-height-220 anwp-pg-sm-height-280 anwp-pg-lg-height-280 anwp-object-cover m-0 w-100\"\n\t\t\t\talt=\"Cristal de La Luisa fue la elegida en la pista de la Expo Rural\"\n\t\t\t\tsrc=\"https:\/\/sabado100.com.ar\/es-ar\/wp-content\/uploads\/2026\/08\/WhatsApp-Image-2026-08-29-at-17.07.58-1536x1027-1-1024x685.jpeg\" \/>\n\t\t\n\t\t<div class=\"anwp-pg-post-teaser__muted_bg\"><\/div>\n\t\t<div class=\"anwp-pg-post-teaser__thumbnail-bg anwp-position-cover\"><\/div>\n\n\t\t<div class=\"anwp-pg-post-teaser__content d-flex flex-column anwp-position-cover\">\n\t\t\t<div class=\"anwp-pg-post-teaser__top-meta d-flex mb-2\">\n\t\t\t\t\t\t\t\t\t\t<span class=\"anwp-pg-post-teaser__meta-comments d-flex align-items-center mr-2\">\n\t\t\t\t\t\t\t<svg class=\"anwp-pg-icon anwp-pg-icon--s1em anwp-pg-icon--white mr-1\">\n\t\t\t\t\t\t\t\t<use xlink:href=\"#icon-anwp-pg-comment-discussion\"><\/use>\n\t\t\t\t\t\t\t<\/svg>\n\t\t\t\t\t\t\t0\t\t\t\t\t\t<\/span>\n\t\t\t\t\t\t\t\t\t<\/div>\n\n\t\t\t\t\t\t\t<div class=\"d-flex flex-column anwp-pg-post-teaser__category-column ml-auto\">\n\t\t\t\t\t<div class=\"anwp-pg-category__wrapper-filled px-2 d-flex align-items-center anwp-pg-post-teaser__category-wrapper align-self-end anwp-pg-category-parent-0\" style=\"background-color: #1565C0\"><span>Cultura y Sociedad<\/span><\/div>\t\t\t\t<\/div>\n\t\t\t\n\t\t\t<div class=\"anwp-pg-post-teaser__title anwp-font-heading mt-auto mb-1\">\n\t\t\t\tCristal de La Luisa fue la elegida en la pista de la Expo Rural\t\t\t<\/div>\n\n\t\t\t\t\t\t\t<div class=\"anwp-pg-post-teaser__bottom-meta mt-1 position-relative mb-2\">\n\t\t\t\t\t<span class=\"posted-on m-0\"><span class=\"screen-reader-text\">Posted on<\/span><time class=\"anwp-pg-published\" datetime=\"2026-08-29T23:33:27+00:00\">agosto 29, 2026<\/time><time class=\"anwp-pg-updated\" datetime=\"2026-08-29T23:33:28+00:00\">agosto 29, 2026<\/time><\/span>\n\t\t\t\t<\/div>\n\t\t\t\t\t<\/div>\n\n\t\t<a class=\"anwp-position-cover anwp-link-without-effects\" href=\"https:\/\/sabado100.com.ar\/es-ar\/cristal-de-la-luisa-fue-la-elegida-en-la-pista-de-la-expo-rural\/\" aria-hidden=\"true\" ><\/a>\n\t<\/div>\n<\/div>\n<div class=\"anwp-pg-post-teaser anwp-pg-post-teaser--layout-a swiper-slide w-auto anwp-pg-post-teaser--has-comments-meta\">\n\t<div class=\"anwp-pg-post-teaser__thumbnail position-relative\">\n\n\t\t\n\t\t\t\t\t<img loading=\"lazy\" class=\"anwp-pg-post-teaser__thumbnail-img d-block anwp-pg-height-220 anwp-pg-sm-height-280 anwp-pg-lg-height-280 anwp-object-cover m-0 w-100\"\n\t\t\t\talt=\"Rodolfo Zehnder presenta el libro de poes\u00edas \u201cPerplejidades\u201d\"\n\t\t\t\tsrc=\"https:\/\/sabado100.com.ar\/es-ar\/wp-content\/uploads\/2026\/08\/WhatsApp-Image-2026-08-27-at-17.34.04.jpeg\" \/>\n\t\t\n\t\t<div class=\"anwp-pg-post-teaser__muted_bg\"><\/div>\n\t\t<div class=\"anwp-pg-post-teaser__thumbnail-bg anwp-position-cover\"><\/div>\n\n\t\t<div class=\"anwp-pg-post-teaser__content d-flex flex-column anwp-position-cover\">\n\t\t\t<div class=\"anwp-pg-post-teaser__top-meta d-flex mb-2\">\n\t\t\t\t\t\t\t\t\t\t<span class=\"anwp-pg-post-teaser__meta-comments d-flex align-items-center mr-2\">\n\t\t\t\t\t\t\t<svg class=\"anwp-pg-icon anwp-pg-icon--s1em anwp-pg-icon--white mr-1\">\n\t\t\t\t\t\t\t\t<use xlink:href=\"#icon-anwp-pg-comment-discussion\"><\/use>\n\t\t\t\t\t\t\t<\/svg>\n\t\t\t\t\t\t\t0\t\t\t\t\t\t<\/span>\n\t\t\t\t\t\t\t\t\t<\/div>\n\n\t\t\t\t\t\t\t<div class=\"d-flex flex-column anwp-pg-post-teaser__category-column ml-auto\">\n\t\t\t\t\t<div class=\"anwp-pg-category__wrapper-filled px-2 d-flex align-items-center anwp-pg-post-teaser__category-wrapper align-self-end anwp-pg-category-parent-0\" style=\"background-color: #1565C0\"><span>Cultura y Sociedad<\/span><\/div>\t\t\t\t<\/div>\n\t\t\t\n\t\t\t<div class=\"anwp-pg-post-teaser__title anwp-font-heading mt-auto mb-1\">\n\t\t\t\tRodolfo Zehnder presenta el libro de poes\u00edas \u201cPerplejidades\u201d\t\t\t<\/div>\n\n\t\t\t\t\t\t\t<div class=\"anwp-pg-post-teaser__bottom-meta mt-1 position-relative mb-2\">\n\t\t\t\t\t<span class=\"posted-on m-0\"><span class=\"screen-reader-text\">Posted on<\/span><time class=\"anwp-pg-published\" datetime=\"2026-08-29T14:32:56+00:00\">agosto 29, 2026<\/time><time class=\"anwp-pg-updated\" datetime=\"2026-08-29T14:35:19+00:00\">agosto 29, 2026<\/time><\/span>\n\t\t\t\t<\/div>\n\t\t\t\t\t<\/div>\n\n\t\t<a class=\"anwp-position-cover anwp-link-without-effects\" href=\"https:\/\/sabado100.com.ar\/es-ar\/rodolfo-zehnder-presenta-el-libro-de-poesias-perplejidades\/\" aria-hidden=\"true\" ><\/a>\n\t<\/div>\n<\/div>\n<div class=\"anwp-pg-post-teaser anwp-pg-post-teaser--layout-a swiper-slide w-auto anwp-pg-post-teaser--has-comments-meta\">\n\t<div class=\"anwp-pg-post-teaser__thumbnail position-relative\">\n\n\t\t\n\t\t\t\t\t<img loading=\"lazy\" class=\"anwp-pg-post-teaser__thumbnail-img d-block anwp-pg-height-220 anwp-pg-sm-height-280 anwp-pg-lg-height-280 anwp-object-cover m-0 w-100\"\n\t\t\t\talt=\"Milei padece la enfermedad del poder\"\n\t\t\t\tsrc=\"https:\/\/sabado100.com.ar\/es-ar\/wp-content\/uploads\/2026\/08\/64dcef46b2e54_750x500.jpg\" \/>\n\t\t\n\t\t<div class=\"anwp-pg-post-teaser__muted_bg\"><\/div>\n\t\t<div class=\"anwp-pg-post-teaser__thumbnail-bg anwp-position-cover\"><\/div>\n\n\t\t<div class=\"anwp-pg-post-teaser__content d-flex flex-column anwp-position-cover\">\n\t\t\t<div class=\"anwp-pg-post-teaser__top-meta d-flex mb-2\">\n\t\t\t\t\t\t\t\t\t\t<span class=\"anwp-pg-post-teaser__meta-comments d-flex align-items-center mr-2\">\n\t\t\t\t\t\t\t<svg class=\"anwp-pg-icon anwp-pg-icon--s1em anwp-pg-icon--white mr-1\">\n\t\t\t\t\t\t\t\t<use xlink:href=\"#icon-anwp-pg-comment-discussion\"><\/use>\n\t\t\t\t\t\t\t<\/svg>\n\t\t\t\t\t\t\t0\t\t\t\t\t\t<\/span>\n\t\t\t\t\t\t\t\t\t<\/div>\n\n\t\t\t\t\t\t\t<div class=\"d-flex flex-column anwp-pg-post-teaser__category-column ml-auto\">\n\t\t\t\t\t<div class=\"anwp-pg-category__wrapper-filled px-2 d-flex align-items-center anwp-pg-post-teaser__category-wrapper align-self-end anwp-pg-category-parent-0\" style=\"background-color: #1565C0\"><span>Editorial<\/span><\/div>\t\t\t\t<\/div>\n\t\t\t\n\t\t\t<div class=\"anwp-pg-post-teaser__title anwp-font-heading mt-auto mb-1\">\n\t\t\t\tMilei padece la enfermedad del poder\t\t\t<\/div>\n\n\t\t\t\t\t\t\t<div class=\"anwp-pg-post-teaser__bottom-meta mt-1 position-relative mb-2\">\n\t\t\t\t\t<span class=\"posted-on m-0\"><span class=\"screen-reader-text\">Posted on<\/span><time class=\"anwp-pg-published\" datetime=\"2026-08-29T12:43:13+00:00\">agosto 29, 2026<\/time><time class=\"anwp-pg-updated\" datetime=\"2026-08-29T12:43:15+00:00\">agosto 29, 2026<\/time><\/span>\n\t\t\t\t<\/div>\n\t\t\t\t\t<\/div>\n\n\t\t<a class=\"anwp-position-cover anwp-link-without-effects\" href=\"https:\/\/sabado100.com.ar\/es-ar\/milei-padece-la-enfermedad-del-poder\/\" aria-hidden=\"true\" ><\/a>\n\t<\/div>\n<\/div>\n<div class=\"anwp-pg-post-teaser anwp-pg-post-teaser--layout-a swiper-slide w-auto anwp-pg-post-teaser--has-comments-meta\">\n\t<div class=\"anwp-pg-post-teaser__thumbnail position-relative\">\n\n\t\t\n\t\t\t\t\t<img loading=\"lazy\" class=\"anwp-pg-post-teaser__thumbnail-img d-block anwp-pg-height-220 anwp-pg-sm-height-280 anwp-pg-lg-height-280 anwp-object-cover m-0 w-100\"\n\t\t\t\talt=\"Gustavo \u201cLacha\u201d Lazzari plante\u00f3 una transici\u00f3n econ\u00f3mica necesaria\"\n\t\t\t\tsrc=\"https:\/\/sabado100.com.ar\/es-ar\/wp-content\/uploads\/2026\/08\/WhatsApp-Image-2026-08-28-at-20.55.19-1024x685-1.jpeg\" \/>\n\t\t\n\t\t<div class=\"anwp-pg-post-teaser__muted_bg\"><\/div>\n\t\t<div class=\"anwp-pg-post-teaser__thumbnail-bg anwp-position-cover\"><\/div>\n\n\t\t<div class=\"anwp-pg-post-teaser__content d-flex flex-column anwp-position-cover\">\n\t\t\t<div class=\"anwp-pg-post-teaser__top-meta d-flex mb-2\">\n\t\t\t\t\t\t\t\t\t\t<span class=\"anwp-pg-post-teaser__meta-comments d-flex align-items-center mr-2\">\n\t\t\t\t\t\t\t<svg class=\"anwp-pg-icon anwp-pg-icon--s1em anwp-pg-icon--white mr-1\">\n\t\t\t\t\t\t\t\t<use xlink:href=\"#icon-anwp-pg-comment-discussion\"><\/use>\n\t\t\t\t\t\t\t<\/svg>\n\t\t\t\t\t\t\t0\t\t\t\t\t\t<\/span>\n\t\t\t\t\t\t\t\t\t<\/div>\n\n\t\t\t\t\t\t\t<div class=\"d-flex flex-column anwp-pg-post-teaser__category-column ml-auto\">\n\t\t\t\t\t<div class=\"anwp-pg-category__wrapper-filled px-2 d-flex align-items-center anwp-pg-post-teaser__category-wrapper align-self-end anwp-pg-category-parent-0\" style=\"background-color: #1565C0\"><span>Econom\u00eda<\/span><\/div>\t\t\t\t<\/div>\n\t\t\t\n\t\t\t<div class=\"anwp-pg-post-teaser__title anwp-font-heading mt-auto mb-1\">\n\t\t\t\tGustavo \u201cLacha\u201d Lazzari plante\u00f3 una transici\u00f3n econ\u00f3mica necesaria\t\t\t<\/div>\n\n\t\t\t\t\t\t\t<div class=\"anwp-pg-post-teaser__bottom-meta mt-1 position-relative mb-2\">\n\t\t\t\t\t<span class=\"posted-on m-0\"><span class=\"screen-reader-text\">Posted on<\/span><time class=\"anwp-pg-published\" datetime=\"2026-08-29T02:23:02+00:00\">agosto 29, 2026<\/time><time class=\"anwp-pg-updated\" datetime=\"2026-08-29T02:23:04+00:00\">agosto 29, 2026<\/time><\/span>\n\t\t\t\t<\/div>\n\t\t\t\t\t<\/div>\n\n\t\t<a class=\"anwp-position-cover anwp-link-without-effects\" href=\"https:\/\/sabado100.com.ar\/es-ar\/gustavo-lacha-lazzari-planteo-una-transicion-economica-necesaria\/\" aria-hidden=\"true\" ><\/a>\n\t<\/div>\n<\/div>\n\t\t<\/div>\n\n\t\t\t\t\t\t\t\t\t<div class=\"swiper-pagination\"><\/div>\n\t\t\t\t\t\t\t\t\t<\/div>\n<\/div>\n\t\t<\/div>\n\t\t\t\t<\/div>\n\t\t\t\t<\/div>\n\t\t<div class=\"elementor-element elementor-element-07673fa e-con-full e-flex e-con e-parent\" data-id=\"07673fa\" data-element_type=\"container\" data-settings=\"{&quot;background_background&quot;:&quot;classic&quot;}\">\n\t\t<div class=\"elementor-element elementor-element-3810bf4 e-con-full e-flex e-con e-child\" data-id=\"3810bf4\" data-element_type=\"container\">\n\t\t<div class=\"elementor-element elementor-element-210ef36 e-flex e-con-boxed elementor-invisible e-con e-child\" data-id=\"210ef36\" data-element_type=\"container\" data-settings=\"{&quot;animation&quot;:&quot;fadeInUp&quot;}\">\n\t\t\t\t\t<div class=\"e-con-inner\">\n\t\t\t\t<div class=\"elementor-element elementor-element-db48c99 elementor-widget elementor-widget-heading\" data-id=\"db48c99\" data-element_type=\"widget\" data-widget_type=\"heading.default\">\n\t\t\t\t<div class=\"elementor-widget-container\">\n\t\t\t<style>\/*! elementor - v3.23.0 - 05-08-2024 *\/\n.elementor-heading-title{padding:0;margin:0;line-height:1}.elementor-widget-heading .elementor-heading-title[class*=elementor-size-]>a{color:inherit;font-size:inherit;line-height:inherit}.elementor-widget-heading .elementor-heading-title.elementor-size-small{font-size:15px}.elementor-widget-heading .elementor-heading-title.elementor-size-medium{font-size:19px}.elementor-widget-heading .elementor-heading-title.elementor-size-large{font-size:29px}.elementor-widget-heading .elementor-heading-title.elementor-size-xl{font-size:39px}.elementor-widget-heading .elementor-heading-title.elementor-size-xxl{font-size:59px}<\/style><h2 class=\"elementor-heading-title elementor-size-default\">Pol\u00edtica<\/h2>\t\t<\/div>\n\t\t\t\t<\/div>\n\t\t\t\t<div class=\"elementor-element elementor-element-e571229 anwp-pg-widget-header-style--b anwp-pg-post-teaser__post-icon--size-16 elementor-widget elementor-widget-anwp-pg-classic-grid\" data-id=\"e571229\" data-element_type=\"widget\" data-widget_type=\"anwp-pg-classic-grid.default\">\n\t\t\t\t<div class=\"elementor-widget-container\">\n\t\t\t<div class=\"anwp-pg-wrap\">\n\n\t\n\t<div class=\"d-flex anwp-row flex-wrap anwp-pg-classic-grid anwp-pg-posts-wrapper\">\n\t\t<div class=\"anwp-pg-post-teaser anwp-pg-post-teaser--inner-cover-link anwp-pg-post-teaser--layout-d d-flex flex-column anwp-col-lg-4 anwp-col-sm-6 anwp-col-12\">\n\t<div class=\"anwp-pg-post-teaser__thumbnail position-relative\">\n\n\t\t\t\t\t<div class=\"anwp-pg-post-teaser__top-meta d-flex flex-column anwp-pg-post-teaser__category-column mr-auto\">\n\t\t\t\t<div class=\"anwp-pg-category__wrapper-filled px-2 d-flex align-items-center anwp-pg-post-teaser__category-wrapper align-self-start anwp-pg-category-parent-0\" style=\"background-color: #1565C0\"><span>Pol\u00edtica<\/span><\/div>\t\t\t<\/div>\n\t\t\t\n\t\t\n\t\t\t\t\t<img loading=\"lazy\" class=\"anwp-pg-post-teaser__thumbnail-img d-block anwp-pg-height-220 anwp-object-cover m-0 w-100\"\n\t\t\t\talt=\"Proponen rechazar el proyecto de ley provincial sobre discursos de odio\"\n\t\t\t\tsrc=\"https:\/\/sabado100.com.ar\/es-ar\/wp-content\/uploads\/2026\/08\/WhatsApp-Image-2026-08-31-at-12.59.31-1024x768.jpeg\"\/>\n\t\t\n\t\t<div class=\"anwp-pg-post-teaser__thumbnail-bg anwp-position-cover\"><\/div>\n\n\t\t<a class=\"anwp-position-cover anwp-link-without-effects\" href=\"https:\/\/sabado100.com.ar\/es-ar\/proponen-rechazar-el-proyecto-de-ley-provincial-sobre-discursos-de-odio\/\" aria-hidden=\"true\" ><\/a>\n\t<\/div>\n\n\t<div class=\"anwp-pg-post-teaser__content flex-grow-1 pt-1 d-flex flex-column\">\n\n\t\t<div class=\"anwp-pg-post-teaser__title anwp-font-heading mt-2\">\n\t\t\t<a class=\"anwp-link-without-effects\" href=\"https:\/\/sabado100.com.ar\/es-ar\/proponen-rechazar-el-proyecto-de-ley-provincial-sobre-discursos-de-odio\/\" aria-hidden=\"true\" >\n\t\t\t\tProponen rechazar el proyecto de ley provincial sobre discursos de odio\t\t\t<\/a>\n\t\t<\/div>\n\n\t\t<div class=\"anwp-pg-post-teaser__bottom-meta d-flex flex-wrap\">\n\n\t\t\t\t\t\t\t<div class=\"anwp-pg-post-teaser__bottom-meta-item d-flex align-items-center mr-3\">\n\t\t\t\t\t<svg class=\"anwp-pg-icon anwp-pg-icon--s16 mr-1\">\n\t\t\t\t\t\t<use xlink:href=\"#icon-anwp-pg-calendar\"><\/use>\n\t\t\t\t\t<\/svg>\n\t\t\t\t\t<span class=\"posted-on m-0\"><span class=\"screen-reader-text\">Posted on<\/span><time class=\"anwp-pg-published\" datetime=\"2026-08-31T19:07:29+00:00\">agosto 31, 2026<\/time><time class=\"anwp-pg-updated\" datetime=\"2026-08-31T19:07:30+00:00\">agosto 31, 2026<\/time><\/span>\n\t\t\t\t<\/div>\n\t\t\t\t\n\t\t\t\t\t<\/div>\n\n\t\t\n\t\t\n\t<\/div>\n\n<\/div>\n<div class=\"anwp-pg-post-teaser anwp-pg-post-teaser--inner-cover-link anwp-pg-post-teaser--layout-d d-flex flex-column anwp-col-lg-4 anwp-col-sm-6 anwp-col-12\">\n\t<div class=\"anwp-pg-post-teaser__thumbnail position-relative\">\n\n\t\t\t\t\t<div class=\"anwp-pg-post-teaser__top-meta d-flex flex-column anwp-pg-post-teaser__category-column mr-auto\">\n\t\t\t\t<div class=\"anwp-pg-category__wrapper-filled px-2 d-flex align-items-center anwp-pg-post-teaser__category-wrapper align-self-start anwp-pg-category-parent-0\" style=\"background-color: #1565C0\"><span>Pol\u00edtica<\/span><\/div>\t\t\t<\/div>\n\t\t\t\n\t\t\n\t\t\t\t\t<img loading=\"lazy\" class=\"anwp-pg-post-teaser__thumbnail-img d-block anwp-pg-height-220 anwp-object-cover m-0 w-100\"\n\t\t\t\talt=\"Sanci\u00f3n definitiva para la creaci\u00f3n de un establecimiento educativo multinivel en Rafaela\"\n\t\t\t\tsrc=\"https:\/\/sabado100.com.ar\/es-ar\/wp-content\/uploads\/2026\/08\/WhatsApp-Image-2026-08-31-at-09.45.03-1024x682.jpeg\"\/>\n\t\t\n\t\t<div class=\"anwp-pg-post-teaser__thumbnail-bg anwp-position-cover\"><\/div>\n\n\t\t<a class=\"anwp-position-cover anwp-link-without-effects\" href=\"https:\/\/sabado100.com.ar\/es-ar\/sancion-definitiva-para-la-creacion-de-un-establecimiento-educativo-multinivel-en-rafaela\/\" aria-hidden=\"true\" ><\/a>\n\t<\/div>\n\n\t<div class=\"anwp-pg-post-teaser__content flex-grow-1 pt-1 d-flex flex-column\">\n\n\t\t<div class=\"anwp-pg-post-teaser__title anwp-font-heading mt-2\">\n\t\t\t<a class=\"anwp-link-without-effects\" href=\"https:\/\/sabado100.com.ar\/es-ar\/sancion-definitiva-para-la-creacion-de-un-establecimiento-educativo-multinivel-en-rafaela\/\" aria-hidden=\"true\" >\n\t\t\t\tSanci\u00f3n definitiva para la creaci\u00f3n de un establecimiento educativo multinivel en Rafaela\t\t\t<\/a>\n\t\t<\/div>\n\n\t\t<div class=\"anwp-pg-post-teaser__bottom-meta d-flex flex-wrap\">\n\n\t\t\t\t\t\t\t<div class=\"anwp-pg-post-teaser__bottom-meta-item d-flex align-items-center mr-3\">\n\t\t\t\t\t<svg class=\"anwp-pg-icon anwp-pg-icon--s16 mr-1\">\n\t\t\t\t\t\t<use xlink:href=\"#icon-anwp-pg-calendar\"><\/use>\n\t\t\t\t\t<\/svg>\n\t\t\t\t\t<span class=\"posted-on m-0\"><span class=\"screen-reader-text\">Posted on<\/span><time class=\"anwp-pg-published\" datetime=\"2026-08-31T14:50:49+00:00\">agosto 31, 2026<\/time><time class=\"anwp-pg-updated\" datetime=\"2026-08-31T14:50:51+00:00\">agosto 31, 2026<\/time><\/span>\n\t\t\t\t<\/div>\n\t\t\t\t\n\t\t\t\t\t<\/div>\n\n\t\t\n\t\t\n\t<\/div>\n\n<\/div>\n<div class=\"anwp-pg-post-teaser anwp-pg-post-teaser--inner-cover-link anwp-pg-post-teaser--layout-d d-flex flex-column anwp-col-lg-4 anwp-col-sm-6 anwp-col-12\">\n\t<div class=\"anwp-pg-post-teaser__thumbnail position-relative\">\n\n\t\t\t\t\t<div class=\"anwp-pg-post-teaser__top-meta d-flex flex-column anwp-pg-post-teaser__category-column mr-auto\">\n\t\t\t\t<div class=\"anwp-pg-category__wrapper-filled px-2 d-flex align-items-center anwp-pg-post-teaser__category-wrapper align-self-start anwp-pg-category-parent-0\" style=\"background-color: #1565C0\"><span>Pol\u00edtica<\/span><\/div>\t\t\t<\/div>\n\t\t\t\n\t\t\n\t\t\t\t\t<img loading=\"lazy\" class=\"anwp-pg-post-teaser__thumbnail-img d-block anwp-pg-height-220 anwp-object-cover m-0 w-100\"\n\t\t\t\talt=\"Cerr\u00f3 la 119\u00aa edici\u00f3n de la Expo Rural con una fuerte convocatoria y el acompa\u00f1amiento del Municipio\"\n\t\t\t\tsrc=\"https:\/\/sabado100.com.ar\/es-ar\/wp-content\/uploads\/2026\/08\/WhatsApp-Image-2026-08-30-at-20.37.50-1024x689.jpeg\"\/>\n\t\t\n\t\t<div class=\"anwp-pg-post-teaser__thumbnail-bg anwp-position-cover\"><\/div>\n\n\t\t<a class=\"anwp-position-cover anwp-link-without-effects\" href=\"https:\/\/sabado100.com.ar\/es-ar\/cerro-la-119a-edicion-de-la-expo-rural-con-una-fuerte-convocatoria-y-el-acompanamiento-del-municipio\/\" aria-hidden=\"true\" ><\/a>\n\t<\/div>\n\n\t<div class=\"anwp-pg-post-teaser__content flex-grow-1 pt-1 d-flex flex-column\">\n\n\t\t<div class=\"anwp-pg-post-teaser__title anwp-font-heading mt-2\">\n\t\t\t<a class=\"anwp-link-without-effects\" href=\"https:\/\/sabado100.com.ar\/es-ar\/cerro-la-119a-edicion-de-la-expo-rural-con-una-fuerte-convocatoria-y-el-acompanamiento-del-municipio\/\" aria-hidden=\"true\" >\n\t\t\t\tCerr\u00f3 la 119\u00aa edici\u00f3n de la Expo Rural con una fuerte convocatoria y el acompa\u00f1amiento del Municipio\t\t\t<\/a>\n\t\t<\/div>\n\n\t\t<div class=\"anwp-pg-post-teaser__bottom-meta d-flex flex-wrap\">\n\n\t\t\t\t\t\t\t<div class=\"anwp-pg-post-teaser__bottom-meta-item d-flex align-items-center mr-3\">\n\t\t\t\t\t<svg class=\"anwp-pg-icon anwp-pg-icon--s16 mr-1\">\n\t\t\t\t\t\t<use xlink:href=\"#icon-anwp-pg-calendar\"><\/use>\n\t\t\t\t\t<\/svg>\n\t\t\t\t\t<span class=\"posted-on m-0\"><span class=\"screen-reader-text\">Posted on<\/span><time class=\"anwp-pg-published\" datetime=\"2026-08-30T23:56:58+00:00\">agosto 30, 2026<\/time><time class=\"anwp-pg-updated\" datetime=\"2026-08-30T23:56:59+00:00\">agosto 30, 2026<\/time><\/span>\n\t\t\t\t<\/div>\n\t\t\t\t\n\t\t\t\t\t<\/div>\n\n\t\t\n\t\t\n\t<\/div>\n\n<\/div>\n\t<\/div>\n\t\n\t<\/div>\n\t\t<\/div>\n\t\t\t\t<\/div>\n\t\t\t\t\t<\/div>\n\t\t\t\t<\/div>\n\t\t<div class=\"elementor-element elementor-element-6c97d96 e-flex e-con-boxed elementor-invisible e-con e-child\" data-id=\"6c97d96\" data-element_type=\"container\" data-settings=\"{&quot;animation&quot;:&quot;fadeInUp&quot;}\">\n\t\t\t\t\t<div class=\"e-con-inner\">\n\t\t\t\t<div class=\"elementor-element elementor-element-3f27bcf elementor-widget elementor-widget-heading\" data-id=\"3f27bcf\" data-element_type=\"widget\" data-widget_type=\"heading.default\">\n\t\t\t\t<div class=\"elementor-widget-container\">\n\t\t\t<h2 class=\"elementor-heading-title elementor-size-default\">Cultura y Sociedad<\/h2>\t\t<\/div>\n\t\t\t\t<\/div>\n\t\t\t\t<div class=\"elementor-element elementor-element-9e99586 anwp-pg-widget-header-style--b anwp-pg-post-teaser__post-icon--size-16 elementor-widget elementor-widget-anwp-pg-classic-grid\" data-id=\"9e99586\" data-element_type=\"widget\" data-widget_type=\"anwp-pg-classic-grid.default\">\n\t\t\t\t<div class=\"elementor-widget-container\">\n\t\t\t<div class=\"anwp-pg-wrap\">\n\n\t\n\t<div class=\"d-flex anwp-row flex-wrap anwp-pg-classic-grid anwp-pg-posts-wrapper\">\n\t\t<div class=\"anwp-pg-post-teaser anwp-pg-post-teaser--inner-cover-link anwp-pg-post-teaser--layout-d d-flex flex-column anwp-col-lg-4 anwp-col-sm-6 anwp-col-12\">\n\t<div class=\"anwp-pg-post-teaser__thumbnail position-relative\">\n\n\t\t\t\t\t<div class=\"anwp-pg-post-teaser__top-meta d-flex flex-column anwp-pg-post-teaser__category-column mr-auto\">\n\t\t\t\t<div class=\"anwp-pg-category__wrapper-filled px-2 d-flex align-items-center anwp-pg-post-teaser__category-wrapper align-self-start anwp-pg-category-parent-0\" style=\"background-color: #1565C0\"><span>Cultura y Sociedad<\/span><\/div>\t\t\t<\/div>\n\t\t\t\n\t\t\n\t\t\t\t\t<img loading=\"lazy\" class=\"anwp-pg-post-teaser__thumbnail-img d-block anwp-pg-height-220 anwp-object-cover m-0 w-100\"\n\t\t\t\talt=\"Hablemos de salud sexual a cargo de los profesionales Melano y Bianciotti\"\n\t\t\t\tsrc=\"https:\/\/sabado100.com.ar\/es-ar\/wp-content\/uploads\/2026\/09\/WhatsApp-Image-2026-09-01-at-19.33.31-1024x576.jpeg\"\/>\n\t\t\n\t\t<div class=\"anwp-pg-post-teaser__thumbnail-bg anwp-position-cover\"><\/div>\n\n\t\t<a class=\"anwp-position-cover anwp-link-without-effects\" href=\"https:\/\/sabado100.com.ar\/es-ar\/hablemos-de-salud-sexual-a-cargo-de-los-profesionales-melano-y-bianciotti\/\" aria-hidden=\"true\" ><\/a>\n\t<\/div>\n\n\t<div class=\"anwp-pg-post-teaser__content flex-grow-1 pt-1 d-flex flex-column\">\n\n\t\t<div class=\"anwp-pg-post-teaser__title anwp-font-heading mt-2\">\n\t\t\t<a class=\"anwp-link-without-effects\" href=\"https:\/\/sabado100.com.ar\/es-ar\/hablemos-de-salud-sexual-a-cargo-de-los-profesionales-melano-y-bianciotti\/\" aria-hidden=\"true\" >\n\t\t\t\tHablemos de salud sexual a cargo de los profesionales Melano y Bianciotti\t\t\t<\/a>\n\t\t<\/div>\n\n\t\t<div class=\"anwp-pg-post-teaser__bottom-meta d-flex flex-wrap\">\n\n\t\t\t\t\t\t\t<div class=\"anwp-pg-post-teaser__bottom-meta-item d-flex align-items-center mr-3\">\n\t\t\t\t\t<svg class=\"anwp-pg-icon anwp-pg-icon--s16 mr-1\">\n\t\t\t\t\t\t<use xlink:href=\"#icon-anwp-pg-calendar\"><\/use>\n\t\t\t\t\t<\/svg>\n\t\t\t\t\t<span class=\"posted-on m-0\"><span class=\"screen-reader-text\">Posted on<\/span><time class=\"anwp-pg-published\" datetime=\"2026-09-02T01:35:39+00:00\">septiembre 2, 2026<\/time><time class=\"anwp-pg-updated\" datetime=\"2026-09-02T01:35:40+00:00\">septiembre 2, 2026<\/time><\/span>\n\t\t\t\t<\/div>\n\t\t\t\t\n\t\t\t\t\t<\/div>\n\n\t\t\n\t\t\n\t<\/div>\n\n<\/div>\n<div class=\"anwp-pg-post-teaser anwp-pg-post-teaser--inner-cover-link anwp-pg-post-teaser--layout-d d-flex flex-column anwp-col-lg-4 anwp-col-sm-6 anwp-col-12\">\n\t<div class=\"anwp-pg-post-teaser__thumbnail position-relative\">\n\n\t\t\t\t\t<div class=\"anwp-pg-post-teaser__top-meta d-flex flex-column anwp-pg-post-teaser__category-column mr-auto\">\n\t\t\t\t<div class=\"anwp-pg-category__wrapper-filled px-2 d-flex align-items-center anwp-pg-post-teaser__category-wrapper align-self-start anwp-pg-category-parent-0\" style=\"background-color: #1565C0\"><span>Cultura y Sociedad<\/span><\/div>\t\t\t<\/div>\n\t\t\t\n\t\t\n\t\t\t\t\t<img loading=\"lazy\" class=\"anwp-pg-post-teaser__thumbnail-img d-block anwp-pg-height-220 anwp-object-cover m-0 w-100\"\n\t\t\t\talt=\"Se estren\u00f3 el 11\u00ba episodio de la segunda temporada de El Lienzo con Germ\u00e1n Gaggiotti\"\n\t\t\t\tsrc=\"https:\/\/sabado100.com.ar\/es-ar\/wp-content\/uploads\/2026\/08\/35461_g.jpg\"\/>\n\t\t\n\t\t<div class=\"anwp-pg-post-teaser__thumbnail-bg anwp-position-cover\"><\/div>\n\n\t\t<a class=\"anwp-position-cover anwp-link-without-effects\" href=\"https:\/\/sabado100.com.ar\/es-ar\/se-estreno-el-11o-episodio-de-la-segunda-temporada-de-el-lienzo-con-german-gaggiotti\/\" aria-hidden=\"true\" ><\/a>\n\t<\/div>\n\n\t<div class=\"anwp-pg-post-teaser__content flex-grow-1 pt-1 d-flex flex-column\">\n\n\t\t<div class=\"anwp-pg-post-teaser__title anwp-font-heading mt-2\">\n\t\t\t<a class=\"anwp-link-without-effects\" href=\"https:\/\/sabado100.com.ar\/es-ar\/se-estreno-el-11o-episodio-de-la-segunda-temporada-de-el-lienzo-con-german-gaggiotti\/\" aria-hidden=\"true\" >\n\t\t\t\tSe estren\u00f3 el 11\u00ba episodio de la segunda temporada de El Lienzo con Germ\u00e1n Gaggiotti\t\t\t<\/a>\n\t\t<\/div>\n\n\t\t<div class=\"anwp-pg-post-teaser__bottom-meta d-flex flex-wrap\">\n\n\t\t\t\t\t\t\t<div class=\"anwp-pg-post-teaser__bottom-meta-item d-flex align-items-center mr-3\">\n\t\t\t\t\t<svg class=\"anwp-pg-icon anwp-pg-icon--s16 mr-1\">\n\t\t\t\t\t\t<use xlink:href=\"#icon-anwp-pg-calendar\"><\/use>\n\t\t\t\t\t<\/svg>\n\t\t\t\t\t<span class=\"posted-on m-0\"><span class=\"screen-reader-text\">Posted on<\/span><time class=\"anwp-pg-published\" datetime=\"2026-08-31T20:36:34+00:00\">agosto 31, 2026<\/time><time class=\"anwp-pg-updated\" datetime=\"2026-08-31T20:36:35+00:00\">agosto 31, 2026<\/time><\/span>\n\t\t\t\t<\/div>\n\t\t\t\t\n\t\t\t\t\t<\/div>\n\n\t\t\n\t\t\n\t<\/div>\n\n<\/div>\n<div class=\"anwp-pg-post-teaser anwp-pg-post-teaser--inner-cover-link anwp-pg-post-teaser--layout-d d-flex flex-column anwp-col-lg-4 anwp-col-sm-6 anwp-col-12\">\n\t<div class=\"anwp-pg-post-teaser__thumbnail position-relative\">\n\n\t\t\t\t\t<div class=\"anwp-pg-post-teaser__top-meta d-flex flex-column anwp-pg-post-teaser__category-column mr-auto\">\n\t\t\t\t<div class=\"anwp-pg-category__wrapper-filled px-2 d-flex align-items-center anwp-pg-post-teaser__category-wrapper align-self-start anwp-pg-category-parent-0\" style=\"background-color: #1565C0\"><span>Cultura y Sociedad<\/span><\/div>\t\t\t<\/div>\n\t\t\t\n\t\t\n\t\t\t\t\t<img loading=\"lazy\" class=\"anwp-pg-post-teaser__thumbnail-img d-block anwp-pg-height-220 anwp-object-cover m-0 w-100\"\n\t\t\t\talt=\"Antonio Bonfatti presenta su libro en Rafaela\"\n\t\t\t\tsrc=\"https:\/\/sabado100.com.ar\/es-ar\/wp-content\/uploads\/2026\/08\/WhatsApp-Image-2026-08-31-at-11.12.24-1024x684.jpeg\"\/>\n\t\t\n\t\t<div class=\"anwp-pg-post-teaser__thumbnail-bg anwp-position-cover\"><\/div>\n\n\t\t<a class=\"anwp-position-cover anwp-link-without-effects\" href=\"https:\/\/sabado100.com.ar\/es-ar\/antonio-bonfatti-presenta-su-libro-en-rafaela\/\" aria-hidden=\"true\" ><\/a>\n\t<\/div>\n\n\t<div class=\"anwp-pg-post-teaser__content flex-grow-1 pt-1 d-flex flex-column\">\n\n\t\t<div class=\"anwp-pg-post-teaser__title anwp-font-heading mt-2\">\n\t\t\t<a class=\"anwp-link-without-effects\" href=\"https:\/\/sabado100.com.ar\/es-ar\/antonio-bonfatti-presenta-su-libro-en-rafaela\/\" aria-hidden=\"true\" >\n\t\t\t\tAntonio Bonfatti presenta su libro en Rafaela\t\t\t<\/a>\n\t\t<\/div>\n\n\t\t<div class=\"anwp-pg-post-teaser__bottom-meta d-flex flex-wrap\">\n\n\t\t\t\t\t\t\t<div class=\"anwp-pg-post-teaser__bottom-meta-item d-flex align-items-center mr-3\">\n\t\t\t\t\t<svg class=\"anwp-pg-icon anwp-pg-icon--s16 mr-1\">\n\t\t\t\t\t\t<use xlink:href=\"#icon-anwp-pg-calendar\"><\/use>\n\t\t\t\t\t<\/svg>\n\t\t\t\t\t<span class=\"posted-on m-0\"><span class=\"screen-reader-text\">Posted on<\/span><time class=\"anwp-pg-published\" datetime=\"2026-08-31T20:26:59+00:00\">agosto 31, 2026<\/time><time class=\"anwp-pg-updated\" datetime=\"2026-08-31T20:27:01+00:00\">agosto 31, 2026<\/time><\/span>\n\t\t\t\t<\/div>\n\t\t\t\t\n\t\t\t\t\t<\/div>\n\n\t\t\n\t\t\n\t<\/div>\n\n<\/div>\n\t<\/div>\n\t\n\t<\/div>\n\t\t<\/div>\n\t\t\t\t<\/div>\n\t\t\t\t\t<\/div>\n\t\t\t\t<\/div>\n\t\t<div class=\"elementor-element elementor-element-004d1a3 e-flex e-con-boxed elementor-invisible e-con e-child\" data-id=\"004d1a3\" data-element_type=\"container\" data-settings=\"{&quot;animation&quot;:&quot;fadeInUp&quot;}\">\n\t\t\t\t\t<div class=\"e-con-inner\">\n\t\t\t\t<div class=\"elementor-element elementor-element-40f69f5 elementor-widget elementor-widget-heading\" data-id=\"40f69f5\" data-element_type=\"widget\" data-widget_type=\"heading.default\">\n\t\t\t\t<div class=\"elementor-widget-container\">\n\t\t\t<h2 class=\"elementor-heading-title elementor-size-default\">Econom\u00eda<\/h2>\t\t<\/div>\n\t\t\t\t<\/div>\n\t\t\t\t<div class=\"elementor-element elementor-element-a0839d8 anwp-pg-widget-header-style--b anwp-pg-post-teaser__post-icon--size-16 elementor-widget elementor-widget-anwp-pg-classic-grid\" data-id=\"a0839d8\" data-element_type=\"widget\" data-widget_type=\"anwp-pg-classic-grid.default\">\n\t\t\t\t<div class=\"elementor-widget-container\">\n\t\t\t<div class=\"anwp-pg-wrap\">\n\n\t\n\t<div class=\"d-flex anwp-row flex-wrap anwp-pg-classic-grid anwp-pg-posts-wrapper\">\n\t\t<div class=\"anwp-pg-post-teaser anwp-pg-post-teaser--inner-cover-link anwp-pg-post-teaser--layout-d d-flex flex-column anwp-col-lg-4 anwp-col-sm-6 anwp-col-12\">\n\t<div class=\"anwp-pg-post-teaser__thumbnail position-relative\">\n\n\t\t\t\t\t<div class=\"anwp-pg-post-teaser__top-meta d-flex flex-column anwp-pg-post-teaser__category-column mr-auto\">\n\t\t\t\t<div class=\"anwp-pg-category__wrapper-filled px-2 d-flex align-items-center anwp-pg-post-teaser__category-wrapper align-self-start anwp-pg-category-parent-0\" style=\"background-color: #1565C0\"><span>Econom\u00eda<\/span><\/div>\t\t\t<\/div>\n\t\t\t\n\t\t\n\t\t\t\t\t<img loading=\"lazy\" class=\"anwp-pg-post-teaser__thumbnail-img d-block anwp-pg-height-220 anwp-object-cover m-0 w-100\"\n\t\t\t\talt=\"Proyectan empresas rafaelinas hacia Vaca Muerta y crean la mesa de gas, petr\u00f3leo y miner\u00eda local\"\n\t\t\t\tsrc=\"https:\/\/sabado100.com.ar\/es-ar\/wp-content\/uploads\/2026\/09\/WhatsApp-Image-2026-09-01-at-19.48.29-1024x678.jpeg\"\/>\n\t\t\n\t\t<div class=\"anwp-pg-post-teaser__thumbnail-bg anwp-position-cover\"><\/div>\n\n\t\t<a class=\"anwp-position-cover anwp-link-without-effects\" href=\"https:\/\/sabado100.com.ar\/es-ar\/proyectan-empresas-rafaelinas-hacia-vaca-muerta-y-crean-la-mesa-de-gas-petroleo-y-mineria-local\/\" aria-hidden=\"true\" ><\/a>\n\t<\/div>\n\n\t<div class=\"anwp-pg-post-teaser__content flex-grow-1 pt-1 d-flex flex-column\">\n\n\t\t<div class=\"anwp-pg-post-teaser__title anwp-font-heading mt-2\">\n\t\t\t<a class=\"anwp-link-without-effects\" href=\"https:\/\/sabado100.com.ar\/es-ar\/proyectan-empresas-rafaelinas-hacia-vaca-muerta-y-crean-la-mesa-de-gas-petroleo-y-mineria-local\/\" aria-hidden=\"true\" >\n\t\t\t\tProyectan empresas rafaelinas hacia Vaca Muerta y crean la mesa de gas, petr\u00f3leo y miner\u00eda local\t\t\t<\/a>\n\t\t<\/div>\n\n\t\t<div class=\"anwp-pg-post-teaser__bottom-meta d-flex flex-wrap\">\n\n\t\t\t\t\t\t\t<div class=\"anwp-pg-post-teaser__bottom-meta-item d-flex align-items-center mr-3\">\n\t\t\t\t\t<svg class=\"anwp-pg-icon anwp-pg-icon--s16 mr-1\">\n\t\t\t\t\t\t<use xlink:href=\"#icon-anwp-pg-calendar\"><\/use>\n\t\t\t\t\t<\/svg>\n\t\t\t\t\t<span class=\"posted-on m-0\"><span class=\"screen-reader-text\">Posted on<\/span><time class=\"anwp-pg-published\" datetime=\"2026-09-02T02:49:58+00:00\">septiembre 2, 2026<\/time><time class=\"anwp-pg-updated\" datetime=\"2026-09-02T02:49:59+00:00\">septiembre 2, 2026<\/time><\/span>\n\t\t\t\t<\/div>\n\t\t\t\t\n\t\t\t\t\t<\/div>\n\n\t\t\n\t\t\n\t<\/div>\n\n<\/div>\n<div class=\"anwp-pg-post-teaser anwp-pg-post-teaser--inner-cover-link anwp-pg-post-teaser--layout-d d-flex flex-column anwp-col-lg-4 anwp-col-sm-6 anwp-col-12\">\n\t<div class=\"anwp-pg-post-teaser__thumbnail position-relative\">\n\n\t\t\t\t\t<div class=\"anwp-pg-post-teaser__top-meta d-flex flex-column anwp-pg-post-teaser__category-column mr-auto\">\n\t\t\t\t<div class=\"anwp-pg-category__wrapper-filled px-2 d-flex align-items-center anwp-pg-post-teaser__category-wrapper align-self-start anwp-pg-category-parent-0\" style=\"background-color: #1565C0\"><span>Econom\u00eda<\/span><\/div>\t\t\t<\/div>\n\t\t\t\n\t\t\n\t\t\t\t\t<img loading=\"lazy\" class=\"anwp-pg-post-teaser__thumbnail-img d-block anwp-pg-height-220 anwp-object-cover m-0 w-100\"\n\t\t\t\talt=\"Concejales y representantes del CCIRR abordaron temas vinculados a la actividad comercial\"\n\t\t\t\tsrc=\"https:\/\/sabado100.com.ar\/es-ar\/wp-content\/uploads\/2026\/09\/WhatsApp-Image-2026-09-01-at-13.06.01-1024x768.jpeg\"\/>\n\t\t\n\t\t<div class=\"anwp-pg-post-teaser__thumbnail-bg anwp-position-cover\"><\/div>\n\n\t\t<a class=\"anwp-position-cover anwp-link-without-effects\" href=\"https:\/\/sabado100.com.ar\/es-ar\/concejales-y-representantes-del-ccirr-abordaron-temas-vinculados-a-la-actividad-comercial\/\" aria-hidden=\"true\" ><\/a>\n\t<\/div>\n\n\t<div class=\"anwp-pg-post-teaser__content flex-grow-1 pt-1 d-flex flex-column\">\n\n\t\t<div class=\"anwp-pg-post-teaser__title anwp-font-heading mt-2\">\n\t\t\t<a class=\"anwp-link-without-effects\" href=\"https:\/\/sabado100.com.ar\/es-ar\/concejales-y-representantes-del-ccirr-abordaron-temas-vinculados-a-la-actividad-comercial\/\" aria-hidden=\"true\" >\n\t\t\t\tConcejales y representantes del CCIRR abordaron temas vinculados a la actividad comercial\t\t\t<\/a>\n\t\t<\/div>\n\n\t\t<div class=\"anwp-pg-post-teaser__bottom-meta d-flex flex-wrap\">\n\n\t\t\t\t\t\t\t<div class=\"anwp-pg-post-teaser__bottom-meta-item d-flex align-items-center mr-3\">\n\t\t\t\t\t<svg class=\"anwp-pg-icon anwp-pg-icon--s16 mr-1\">\n\t\t\t\t\t\t<use xlink:href=\"#icon-anwp-pg-calendar\"><\/use>\n\t\t\t\t\t<\/svg>\n\t\t\t\t\t<span class=\"posted-on m-0\"><span class=\"screen-reader-text\">Posted on<\/span><time class=\"anwp-pg-published\" datetime=\"2026-09-01T21:01:27+00:00\">septiembre 1, 2026<\/time><time class=\"anwp-pg-updated\" datetime=\"2026-09-01T21:01:28+00:00\">septiembre 1, 2026<\/time><\/span>\n\t\t\t\t<\/div>\n\t\t\t\t\n\t\t\t\t\t<\/div>\n\n\t\t\n\t\t\n\t<\/div>\n\n<\/div>\n<div class=\"anwp-pg-post-teaser anwp-pg-post-teaser--inner-cover-link anwp-pg-post-teaser--layout-d d-flex flex-column anwp-col-lg-4 anwp-col-sm-6 anwp-col-12\">\n\t<div class=\"anwp-pg-post-teaser__thumbnail position-relative\">\n\n\t\t\t\t\t<div class=\"anwp-pg-post-teaser__top-meta d-flex flex-column anwp-pg-post-teaser__category-column mr-auto\">\n\t\t\t\t<div class=\"anwp-pg-category__wrapper-filled px-2 d-flex align-items-center anwp-pg-post-teaser__category-wrapper align-self-start anwp-pg-category-parent-0\" style=\"background-color: #1565C0\"><span>Econom\u00eda<\/span><\/div>\t\t\t<\/div>\n\t\t\t\n\t\t\n\t\t\t\t\t<img loading=\"lazy\" class=\"anwp-pg-post-teaser__thumbnail-img d-block anwp-pg-height-220 anwp-object-cover m-0 w-100\"\n\t\t\t\talt=\"Rafaela particip\u00f3 del Santa Fe Business Forum con 40 empresas para mostrar su potencial productivo\"\n\t\t\t\tsrc=\"https:\/\/sabado100.com.ar\/es-ar\/wp-content\/uploads\/2026\/09\/WhatsApp-Image-2026-08-31-at-20.04.18-1024x768.jpeg\"\/>\n\t\t\n\t\t<div class=\"anwp-pg-post-teaser__thumbnail-bg anwp-position-cover\"><\/div>\n\n\t\t<a class=\"anwp-position-cover anwp-link-without-effects\" href=\"https:\/\/sabado100.com.ar\/es-ar\/rafaela-participo-del-santa-fe-business-forum-con-40-empresas-para-mostrar-su-potencial-productivo\/\" aria-hidden=\"true\" ><\/a>\n\t<\/div>\n\n\t<div class=\"anwp-pg-post-teaser__content flex-grow-1 pt-1 d-flex flex-column\">\n\n\t\t<div class=\"anwp-pg-post-teaser__title anwp-font-heading mt-2\">\n\t\t\t<a class=\"anwp-link-without-effects\" href=\"https:\/\/sabado100.com.ar\/es-ar\/rafaela-participo-del-santa-fe-business-forum-con-40-empresas-para-mostrar-su-potencial-productivo\/\" aria-hidden=\"true\" >\n\t\t\t\tRafaela particip\u00f3 del Santa Fe Business Forum con 40 empresas para mostrar su potencial productivo\t\t\t<\/a>\n\t\t<\/div>\n\n\t\t<div class=\"anwp-pg-post-teaser__bottom-meta d-flex flex-wrap\">\n\n\t\t\t\t\t\t\t<div class=\"anwp-pg-post-teaser__bottom-meta-item d-flex align-items-center mr-3\">\n\t\t\t\t\t<svg class=\"anwp-pg-icon anwp-pg-icon--s16 mr-1\">\n\t\t\t\t\t\t<use xlink:href=\"#icon-anwp-pg-calendar\"><\/use>\n\t\t\t\t\t<\/svg>\n\t\t\t\t\t<span class=\"posted-on m-0\"><span class=\"screen-reader-text\">Posted on<\/span><time class=\"anwp-pg-published\" datetime=\"2026-09-01T14:58:12+00:00\">septiembre 1, 2026<\/time><time class=\"anwp-pg-updated\" datetime=\"2026-09-01T14:58:13+00:00\">septiembre 1, 2026<\/time><\/span>\n\t\t\t\t<\/div>\n\t\t\t\t\n\t\t\t\t\t<\/div>\n\n\t\t\n\t\t\n\t<\/div>\n\n<\/div>\n\t<\/div>\n\t\n\t<\/div>\n\t\t<\/div>\n\t\t\t\t<\/div>\n\t\t\t\t\t<\/div>\n\t\t\t\t<\/div>\n\t\t<div class=\"elementor-element elementor-element-2fe23fb e-flex e-con-boxed elementor-invisible e-con e-child\" data-id=\"2fe23fb\" data-element_type=\"container\" data-settings=\"{&quot;animation&quot;:&quot;fadeInUp&quot;}\">\n\t\t\t\t\t<div class=\"e-con-inner\">\n\t\t\t\t<div class=\"elementor-element elementor-element-e9572e5 elementor-widget elementor-widget-heading\" data-id=\"e9572e5\" data-element_type=\"widget\" data-widget_type=\"heading.default\">\n\t\t\t\t<div class=\"elementor-widget-container\">\n\t\t\t<h2 class=\"elementor-heading-title elementor-size-default\">Religi\u00f3n<\/h2>\t\t<\/div>\n\t\t\t\t<\/div>\n\t\t\t\t<div class=\"elementor-element elementor-element-cbf6500 anwp-pg-widget-header-style--b anwp-pg-post-teaser__post-icon--size-16 elementor-widget elementor-widget-anwp-pg-classic-grid\" data-id=\"cbf6500\" data-element_type=\"widget\" data-widget_type=\"anwp-pg-classic-grid.default\">\n\t\t\t\t<div class=\"elementor-widget-container\">\n\t\t\t<div class=\"anwp-pg-wrap\">\n\n\t\n\t<div class=\"d-flex anwp-row flex-wrap anwp-pg-classic-grid anwp-pg-posts-wrapper\">\n\t\t<div class=\"anwp-pg-post-teaser anwp-pg-post-teaser--inner-cover-link anwp-pg-post-teaser--layout-d d-flex flex-column anwp-col-lg-4 anwp-col-sm-6 anwp-col-12\">\n\t<div class=\"anwp-pg-post-teaser__thumbnail position-relative\">\n\n\t\t\t\t\t<div class=\"anwp-pg-post-teaser__top-meta d-flex flex-column anwp-pg-post-teaser__category-column mr-auto\">\n\t\t\t\t<div class=\"anwp-pg-category__wrapper-filled px-2 d-flex align-items-center anwp-pg-post-teaser__category-wrapper align-self-start anwp-pg-category-parent-0\" style=\"background-color: #1565C0\"><span>Cultura y Sociedad<\/span><\/div>\t\t\t<\/div>\n\t\t\t\n\t\t\n\t\t\t\t\t<img loading=\"lazy\" class=\"anwp-pg-post-teaser__thumbnail-img d-block anwp-pg-height-220 anwp-object-cover m-0 w-100\"\n\t\t\t\talt=\"\u201cEnrique Shaw fue un empresario reconocido por sus virtudes cristianas\u201d\"\n\t\t\t\tsrc=\"https:\/\/sabado100.com.ar\/es-ar\/wp-content\/uploads\/2026\/08\/WhatsApp-Image-2026-08-27-at-19.46.30-1024x461.jpeg\"\/>\n\t\t\n\t\t<div class=\"anwp-pg-post-teaser__thumbnail-bg anwp-position-cover\"><\/div>\n\n\t\t<a class=\"anwp-position-cover anwp-link-without-effects\" href=\"https:\/\/sabado100.com.ar\/es-ar\/enrique-shaw-fue-un-empresario-reconocido-por-sus-virtudes-cristianas\/\" aria-hidden=\"true\" ><\/a>\n\t<\/div>\n\n\t<div class=\"anwp-pg-post-teaser__content flex-grow-1 pt-1 d-flex flex-column\">\n\n\t\t<div class=\"anwp-pg-post-teaser__title anwp-font-heading mt-2\">\n\t\t\t<a class=\"anwp-link-without-effects\" href=\"https:\/\/sabado100.com.ar\/es-ar\/enrique-shaw-fue-un-empresario-reconocido-por-sus-virtudes-cristianas\/\" aria-hidden=\"true\" >\n\t\t\t\t\u201cEnrique Shaw fue un empresario reconocido por sus virtudes cristianas\u201d\t\t\t<\/a>\n\t\t<\/div>\n\n\t\t<div class=\"anwp-pg-post-teaser__bottom-meta d-flex flex-wrap\">\n\n\t\t\t\t\t\t\t<div class=\"anwp-pg-post-teaser__bottom-meta-item d-flex align-items-center mr-3\">\n\t\t\t\t\t<svg class=\"anwp-pg-icon anwp-pg-icon--s16 mr-1\">\n\t\t\t\t\t\t<use xlink:href=\"#icon-anwp-pg-calendar\"><\/use>\n\t\t\t\t\t<\/svg>\n\t\t\t\t\t<span class=\"posted-on m-0\"><span class=\"screen-reader-text\">Posted on<\/span><time class=\"anwp-pg-published\" datetime=\"2026-08-28T03:09:10+00:00\">agosto 28, 2026<\/time><time class=\"anwp-pg-updated\" datetime=\"2026-08-28T03:09:11+00:00\">agosto 28, 2026<\/time><\/span>\n\t\t\t\t<\/div>\n\t\t\t\t\n\t\t\t\t\t<\/div>\n\n\t\t\n\t\t\n\t<\/div>\n\n<\/div>\n<div class=\"anwp-pg-post-teaser anwp-pg-post-teaser--inner-cover-link anwp-pg-post-teaser--layout-d d-flex flex-column anwp-col-lg-4 anwp-col-sm-6 anwp-col-12\">\n\t<div class=\"anwp-pg-post-teaser__thumbnail position-relative\">\n\n\t\t\t\t\t<div class=\"anwp-pg-post-teaser__top-meta d-flex flex-column anwp-pg-post-teaser__category-column mr-auto\">\n\t\t\t\t<div class=\"anwp-pg-category__wrapper-filled px-2 d-flex align-items-center anwp-pg-post-teaser__category-wrapper align-self-start anwp-pg-category-parent-0\" style=\"background-color: #1565C0\"><span>Religi\u00f3n<\/span><\/div>\t\t\t<\/div>\n\t\t\t\n\t\t\n\t\t\t\t\t<img loading=\"lazy\" class=\"anwp-pg-post-teaser__thumbnail-img d-block anwp-pg-height-220 anwp-object-cover m-0 w-100\"\n\t\t\t\talt=\"Le\u00f3n XIV recibi\u00f3 a autoridades de la Conferencia Episcopal Argentina\"\n\t\t\t\tsrc=\"https:\/\/sabado100.com.ar\/es-ar\/wp-content\/uploads\/2026\/08\/leon-xiv-recibio-a-autoridades-de-la-conferencia-episcopal-argentina-DriJ.jpg\"\/>\n\t\t\n\t\t<div class=\"anwp-pg-post-teaser__thumbnail-bg anwp-position-cover\"><\/div>\n\n\t\t<a class=\"anwp-position-cover anwp-link-without-effects\" href=\"https:\/\/sabado100.com.ar\/es-ar\/leon-xiv-recibio-a-autoridades-de-la-conferencia-episcopal-argentina\/\" aria-hidden=\"true\" ><\/a>\n\t<\/div>\n\n\t<div class=\"anwp-pg-post-teaser__content flex-grow-1 pt-1 d-flex flex-column\">\n\n\t\t<div class=\"anwp-pg-post-teaser__title anwp-font-heading mt-2\">\n\t\t\t<a class=\"anwp-link-without-effects\" href=\"https:\/\/sabado100.com.ar\/es-ar\/leon-xiv-recibio-a-autoridades-de-la-conferencia-episcopal-argentina\/\" aria-hidden=\"true\" >\n\t\t\t\tLe\u00f3n XIV recibi\u00f3 a autoridades de la Conferencia Episcopal Argentina\t\t\t<\/a>\n\t\t<\/div>\n\n\t\t<div class=\"anwp-pg-post-teaser__bottom-meta d-flex flex-wrap\">\n\n\t\t\t\t\t\t\t<div class=\"anwp-pg-post-teaser__bottom-meta-item d-flex align-items-center mr-3\">\n\t\t\t\t\t<svg class=\"anwp-pg-icon anwp-pg-icon--s16 mr-1\">\n\t\t\t\t\t\t<use xlink:href=\"#icon-anwp-pg-calendar\"><\/use>\n\t\t\t\t\t<\/svg>\n\t\t\t\t\t<span class=\"posted-on m-0\"><span class=\"screen-reader-text\">Posted on<\/span><time class=\"anwp-pg-published\" datetime=\"2026-08-27T21:54:15+00:00\">agosto 27, 2026<\/time><time class=\"anwp-pg-updated\" datetime=\"2026-08-27T21:54:16+00:00\">agosto 27, 2026<\/time><\/span>\n\t\t\t\t<\/div>\n\t\t\t\t\n\t\t\t\t\t<\/div>\n\n\t\t\n\t\t\n\t<\/div>\n\n<\/div>\n<div class=\"anwp-pg-post-teaser anwp-pg-post-teaser--inner-cover-link anwp-pg-post-teaser--layout-d d-flex flex-column anwp-col-lg-4 anwp-col-sm-6 anwp-col-12\">\n\t<div class=\"anwp-pg-post-teaser__thumbnail position-relative\">\n\n\t\t\t\t\t<div class=\"anwp-pg-post-teaser__top-meta d-flex flex-column anwp-pg-post-teaser__category-column mr-auto\">\n\t\t\t\t<div class=\"anwp-pg-category__wrapper-filled px-2 d-flex align-items-center anwp-pg-post-teaser__category-wrapper align-self-start anwp-pg-category-parent-0\" style=\"background-color: #1565C0\"><span>Religi\u00f3n<\/span><\/div>\t\t\t<\/div>\n\t\t\t\n\t\t\n\t\t\t\t\t<img loading=\"lazy\" class=\"anwp-pg-post-teaser__thumbnail-img d-block anwp-pg-height-220 anwp-object-cover m-0 w-100\"\n\t\t\t\talt=\"Rezar\u00e1n misas por el aniversario de la muerte de Enrique Shaw\"\n\t\t\t\tsrc=\"https:\/\/sabado100.com.ar\/es-ar\/wp-content\/uploads\/2026\/08\/WhatsApp-Image-2026-08-25-at-10.25.37.jpeg\"\/>\n\t\t\n\t\t<div class=\"anwp-pg-post-teaser__thumbnail-bg anwp-position-cover\"><\/div>\n\n\t\t<a class=\"anwp-position-cover anwp-link-without-effects\" href=\"https:\/\/sabado100.com.ar\/es-ar\/rezaran-misas-por-el-aniversario-de-la-muerte-de-enrique-shaw\/\" aria-hidden=\"true\" ><\/a>\n\t<\/div>\n\n\t<div class=\"anwp-pg-post-teaser__content flex-grow-1 pt-1 d-flex flex-column\">\n\n\t\t<div class=\"anwp-pg-post-teaser__title anwp-font-heading mt-2\">\n\t\t\t<a class=\"anwp-link-without-effects\" href=\"https:\/\/sabado100.com.ar\/es-ar\/rezaran-misas-por-el-aniversario-de-la-muerte-de-enrique-shaw\/\" aria-hidden=\"true\" >\n\t\t\t\tRezar\u00e1n misas por el aniversario de la muerte de Enrique Shaw\t\t\t<\/a>\n\t\t<\/div>\n\n\t\t<div class=\"anwp-pg-post-teaser__bottom-meta d-flex flex-wrap\">\n\n\t\t\t\t\t\t\t<div class=\"anwp-pg-post-teaser__bottom-meta-item d-flex align-items-center mr-3\">\n\t\t\t\t\t<svg class=\"anwp-pg-icon anwp-pg-icon--s16 mr-1\">\n\t\t\t\t\t\t<use xlink:href=\"#icon-anwp-pg-calendar\"><\/use>\n\t\t\t\t\t<\/svg>\n\t\t\t\t\t<span class=\"posted-on m-0\"><span class=\"screen-reader-text\">Posted on<\/span><time class=\"anwp-pg-published\" datetime=\"2026-08-25T13:21:39+00:00\">agosto 25, 2026<\/time><time class=\"anwp-pg-updated\" datetime=\"2026-08-28T01:52:41+00:00\">agosto 28, 2026<\/time><\/span>\n\t\t\t\t<\/div>\n\t\t\t\t\n\t\t\t\t\t<\/div>\n\n\t\t\n\t\t\n\t<\/div>\n\n<\/div>\n\t<\/div>\n\t\n\t<\/div>\n\t\t<\/div>\n\t\t\t\t<\/div>\n\t\t\t\t\t<\/div>\n\t\t\t\t<\/div>\n\t\t<div class=\"elementor-element elementor-element-0b6d646 e-flex e-con-boxed elementor-invisible e-con e-child\" data-id=\"0b6d646\" data-element_type=\"container\" data-settings=\"{&quot;animation&quot;:&quot;fadeInUp&quot;}\">\n\t\t\t\t\t<div class=\"e-con-inner\">\n\t\t\t\t<div class=\"elementor-element elementor-element-95711b5 elementor-widget elementor-widget-heading\" data-id=\"95711b5\" data-element_type=\"widget\" data-widget_type=\"heading.default\">\n\t\t\t\t<div class=\"elementor-widget-container\">\n\t\t\t<h2 class=\"elementor-heading-title elementor-size-default\">Medio Ambiente<\/h2>\t\t<\/div>\n\t\t\t\t<\/div>\n\t\t\t\t<div class=\"elementor-element elementor-element-b5e4215 anwp-pg-widget-header-style--b anwp-pg-post-teaser__post-icon--size-16 elementor-widget elementor-widget-anwp-pg-classic-grid\" data-id=\"b5e4215\" data-element_type=\"widget\" data-widget_type=\"anwp-pg-classic-grid.default\">\n\t\t\t\t<div class=\"elementor-widget-container\">\n\t\t\t<div class=\"anwp-pg-wrap\">\n\n\t\n\t<div class=\"d-flex anwp-row flex-wrap anwp-pg-classic-grid anwp-pg-posts-wrapper\">\n\t\t<div class=\"anwp-pg-post-teaser anwp-pg-post-teaser--inner-cover-link anwp-pg-post-teaser--layout-d d-flex flex-column anwp-col-lg-4 anwp-col-sm-6 anwp-col-12\">\n\t<div class=\"anwp-pg-post-teaser__thumbnail position-relative\">\n\n\t\t\t\t\t<div class=\"anwp-pg-post-teaser__top-meta d-flex flex-column anwp-pg-post-teaser__category-column mr-auto\">\n\t\t\t\t<div class=\"anwp-pg-category__wrapper-filled px-2 d-flex align-items-center anwp-pg-post-teaser__category-wrapper align-self-start anwp-pg-category-parent-0\" style=\"background-color: #1565C0\"><span>Medio Ambiente<\/span><\/div>\t\t\t<\/div>\n\t\t\t\n\t\t\n\t\t\t\t\t<img loading=\"lazy\" class=\"anwp-pg-post-teaser__thumbnail-img d-block anwp-pg-height-220 anwp-object-cover m-0 w-100\"\n\t\t\t\talt=\"El bi\u00f3logo Rafael Lajmanovich abord\u00f3 las evidencias cient\u00edficas de los agroqu\u00edmicos\"\n\t\t\t\tsrc=\"https:\/\/sabado100.com.ar\/es-ar\/wp-content\/uploads\/2026\/09\/WhatsApp-Image-2026-09-01-at-17.49.31-1024x768.jpeg\"\/>\n\t\t\n\t\t<div class=\"anwp-pg-post-teaser__thumbnail-bg anwp-position-cover\"><\/div>\n\n\t\t<a class=\"anwp-position-cover anwp-link-without-effects\" href=\"https:\/\/sabado100.com.ar\/es-ar\/el-biologo-rafael-lajmanovich-abordo-las-evidencias-cientificas-de-los-agroquimicos\/\" aria-hidden=\"true\" ><\/a>\n\t<\/div>\n\n\t<div class=\"anwp-pg-post-teaser__content flex-grow-1 pt-1 d-flex flex-column\">\n\n\t\t<div class=\"anwp-pg-post-teaser__title anwp-font-heading mt-2\">\n\t\t\t<a class=\"anwp-link-without-effects\" href=\"https:\/\/sabado100.com.ar\/es-ar\/el-biologo-rafael-lajmanovich-abordo-las-evidencias-cientificas-de-los-agroquimicos\/\" aria-hidden=\"true\" >\n\t\t\t\tEl bi\u00f3logo Rafael Lajmanovich abord\u00f3 las evidencias cient\u00edficas de los agroqu\u00edmicos\t\t\t<\/a>\n\t\t<\/div>\n\n\t\t<div class=\"anwp-pg-post-teaser__bottom-meta d-flex flex-wrap\">\n\n\t\t\t\t\t\t\t<div class=\"anwp-pg-post-teaser__bottom-meta-item d-flex align-items-center mr-3\">\n\t\t\t\t\t<svg class=\"anwp-pg-icon anwp-pg-icon--s16 mr-1\">\n\t\t\t\t\t\t<use xlink:href=\"#icon-anwp-pg-calendar\"><\/use>\n\t\t\t\t\t<\/svg>\n\t\t\t\t\t<span class=\"posted-on m-0\"><span class=\"screen-reader-text\">Posted on<\/span><time class=\"anwp-pg-published\" datetime=\"2026-09-01T20:57:30+00:00\">septiembre 1, 2026<\/time><time class=\"anwp-pg-updated\" datetime=\"2026-09-01T20:57:31+00:00\">septiembre 1, 2026<\/time><\/span>\n\t\t\t\t<\/div>\n\t\t\t\t\n\t\t\t\t\t<\/div>\n\n\t\t\n\t\t\n\t<\/div>\n\n<\/div>\n<div class=\"anwp-pg-post-teaser anwp-pg-post-teaser--inner-cover-link anwp-pg-post-teaser--layout-d d-flex flex-column anwp-col-lg-4 anwp-col-sm-6 anwp-col-12\">\n\t<div class=\"anwp-pg-post-teaser__thumbnail position-relative\">\n\n\t\t\t\t\t<div class=\"anwp-pg-post-teaser__top-meta d-flex flex-column anwp-pg-post-teaser__category-column mr-auto\">\n\t\t\t\t<div class=\"anwp-pg-category__wrapper-filled px-2 d-flex align-items-center anwp-pg-post-teaser__category-wrapper align-self-start anwp-pg-category-parent-0\" style=\"background-color: #1565C0\"><span>Medio Ambiente<\/span><\/div>\t\t\t<\/div>\n\t\t\t\n\t\t\n\t\t\t\t\t<img loading=\"lazy\" class=\"anwp-pg-post-teaser__thumbnail-img d-block anwp-pg-height-220 anwp-object-cover m-0 w-100\"\n\t\t\t\talt=\"Arbolado: impulsan un proyecto para garantizar respuestas\"\n\t\t\t\tsrc=\"https:\/\/sabado100.com.ar\/es-ar\/wp-content\/uploads\/2026\/08\/WhatsApp-Image-2026-08-24-at-10.21.44-1024x673.jpeg\"\/>\n\t\t\n\t\t<div class=\"anwp-pg-post-teaser__thumbnail-bg anwp-position-cover\"><\/div>\n\n\t\t<a class=\"anwp-position-cover anwp-link-without-effects\" href=\"https:\/\/sabado100.com.ar\/es-ar\/arbolado-impulsan-un-proyecto-para-garantizar-respuestas\/\" aria-hidden=\"true\" ><\/a>\n\t<\/div>\n\n\t<div class=\"anwp-pg-post-teaser__content flex-grow-1 pt-1 d-flex flex-column\">\n\n\t\t<div class=\"anwp-pg-post-teaser__title anwp-font-heading mt-2\">\n\t\t\t<a class=\"anwp-link-without-effects\" href=\"https:\/\/sabado100.com.ar\/es-ar\/arbolado-impulsan-un-proyecto-para-garantizar-respuestas\/\" aria-hidden=\"true\" >\n\t\t\t\tArbolado: impulsan un proyecto para garantizar respuestas\t\t\t<\/a>\n\t\t<\/div>\n\n\t\t<div class=\"anwp-pg-post-teaser__bottom-meta d-flex flex-wrap\">\n\n\t\t\t\t\t\t\t<div class=\"anwp-pg-post-teaser__bottom-meta-item d-flex align-items-center mr-3\">\n\t\t\t\t\t<svg class=\"anwp-pg-icon anwp-pg-icon--s16 mr-1\">\n\t\t\t\t\t\t<use xlink:href=\"#icon-anwp-pg-calendar\"><\/use>\n\t\t\t\t\t<\/svg>\n\t\t\t\t\t<span class=\"posted-on m-0\"><span class=\"screen-reader-text\">Posted on<\/span><time class=\"anwp-pg-published\" datetime=\"2026-08-24T18:00:16+00:00\">agosto 24, 2026<\/time><time class=\"anwp-pg-updated\" datetime=\"2026-08-24T18:00:18+00:00\">agosto 24, 2026<\/time><\/span>\n\t\t\t\t<\/div>\n\t\t\t\t\n\t\t\t\t\t<\/div>\n\n\t\t\n\t\t\n\t<\/div>\n\n<\/div>\n<div class=\"anwp-pg-post-teaser anwp-pg-post-teaser--inner-cover-link anwp-pg-post-teaser--layout-d d-flex flex-column anwp-col-lg-4 anwp-col-sm-6 anwp-col-12\">\n\t<div class=\"anwp-pg-post-teaser__thumbnail position-relative\">\n\n\t\t\t\t\t<div class=\"anwp-pg-post-teaser__top-meta d-flex flex-column anwp-pg-post-teaser__category-column mr-auto\">\n\t\t\t\t<div class=\"anwp-pg-category__wrapper-filled px-2 d-flex align-items-center anwp-pg-post-teaser__category-wrapper align-self-start anwp-pg-category-parent-0\" style=\"background-color: #1565C0\"><span>Medio Ambiente<\/span><\/div>\t\t\t<\/div>\n\t\t\t\n\t\t\n\t\t\t\t\t<img loading=\"lazy\" class=\"anwp-pg-post-teaser__thumbnail-img d-block anwp-pg-height-220 anwp-object-cover m-0 w-100\"\n\t\t\t\talt=\"La UNRAF puso en marcha una innovadora planta piloto de tratamiento de agua\"\n\t\t\t\tsrc=\"https:\/\/sabado100.com.ar\/es-ar\/wp-content\/uploads\/2026\/08\/WhatsApp-Image-2026-08-20-at-08.48.09-1024x684.jpeg\"\/>\n\t\t\n\t\t<div class=\"anwp-pg-post-teaser__thumbnail-bg anwp-position-cover\"><\/div>\n\n\t\t<a class=\"anwp-position-cover anwp-link-without-effects\" href=\"https:\/\/sabado100.com.ar\/es-ar\/la-unraf-puso-en-marcha-una-innovadora-planta-piloto-de-tratamiento-de-agua\/\" aria-hidden=\"true\" ><\/a>\n\t<\/div>\n\n\t<div class=\"anwp-pg-post-teaser__content flex-grow-1 pt-1 d-flex flex-column\">\n\n\t\t<div class=\"anwp-pg-post-teaser__title anwp-font-heading mt-2\">\n\t\t\t<a class=\"anwp-link-without-effects\" href=\"https:\/\/sabado100.com.ar\/es-ar\/la-unraf-puso-en-marcha-una-innovadora-planta-piloto-de-tratamiento-de-agua\/\" aria-hidden=\"true\" >\n\t\t\t\tLa UNRAF puso en marcha una innovadora planta piloto de tratamiento de agua\t\t\t<\/a>\n\t\t<\/div>\n\n\t\t<div class=\"anwp-pg-post-teaser__bottom-meta d-flex flex-wrap\">\n\n\t\t\t\t\t\t\t<div class=\"anwp-pg-post-teaser__bottom-meta-item d-flex align-items-center mr-3\">\n\t\t\t\t\t<svg class=\"anwp-pg-icon anwp-pg-icon--s16 mr-1\">\n\t\t\t\t\t\t<use xlink:href=\"#icon-anwp-pg-calendar\"><\/use>\n\t\t\t\t\t<\/svg>\n\t\t\t\t\t<span class=\"posted-on m-0\"><span class=\"screen-reader-text\">Posted on<\/span><time class=\"anwp-pg-published\" datetime=\"2026-08-20T11:49:33+00:00\">agosto 20, 2026<\/time><time class=\"anwp-pg-updated\" datetime=\"2026-08-20T11:49:35+00:00\">agosto 20, 2026<\/time><\/span>\n\t\t\t\t<\/div>\n\t\t\t\t\n\t\t\t\t\t<\/div>\n\n\t\t\n\t\t\n\t<\/div>\n\n<\/div>\n\t<\/div>\n\t\n\t<\/div>\n\t\t<\/div>\n\t\t\t\t<\/div>\n\t\t\t\t\t<\/div>\n\t\t\t\t<\/div>\n\t\t<div class=\"elementor-element elementor-element-de7a2d4 e-flex e-con-boxed elementor-invisible e-con e-child\" data-id=\"de7a2d4\" data-element_type=\"container\" data-settings=\"{&quot;animation&quot;:&quot;fadeInUp&quot;}\">\n\t\t\t\t\t<div class=\"e-con-inner\">\n\t\t\t\t<div class=\"elementor-element elementor-element-7334a53 elementor-widget elementor-widget-heading\" data-id=\"7334a53\" data-element_type=\"widget\" data-widget_type=\"heading.default\">\n\t\t\t\t<div class=\"elementor-widget-container\">\n\t\t\t<h2 class=\"elementor-heading-title elementor-size-default\">Editorial<\/h2>\t\t<\/div>\n\t\t\t\t<\/div>\n\t\t\t\t<div class=\"elementor-element elementor-element-0bdba22 anwp-pg-widget-header-style--b anwp-pg-post-teaser__post-icon--size-16 elementor-widget elementor-widget-anwp-pg-classic-grid\" data-id=\"0bdba22\" data-element_type=\"widget\" data-widget_type=\"anwp-pg-classic-grid.default\">\n\t\t\t\t<div class=\"elementor-widget-container\">\n\t\t\t<div class=\"anwp-pg-wrap\">\n\n\t\n\t<div class=\"d-flex anwp-row flex-wrap anwp-pg-classic-grid anwp-pg-posts-wrapper\">\n\t\t<div class=\"anwp-pg-post-teaser anwp-pg-post-teaser--inner-cover-link anwp-pg-post-teaser--layout-d d-flex flex-column anwp-col-lg-4 anwp-col-sm-6 anwp-col-12\">\n\t<div class=\"anwp-pg-post-teaser__thumbnail position-relative\">\n\n\t\t\t\t\t<div class=\"anwp-pg-post-teaser__top-meta d-flex flex-column anwp-pg-post-teaser__category-column mr-auto\">\n\t\t\t\t<div class=\"anwp-pg-category__wrapper-filled px-2 d-flex align-items-center anwp-pg-post-teaser__category-wrapper align-self-start anwp-pg-category-parent-0\" style=\"background-color: #1565C0\"><span>Editorial<\/span><\/div>\t\t\t<\/div>\n\t\t\t\n\t\t\n\t\t\t\t\t<img loading=\"lazy\" class=\"anwp-pg-post-teaser__thumbnail-img d-block anwp-pg-height-220 anwp-object-cover m-0 w-100\"\n\t\t\t\talt=\"Milei padece la enfermedad del poder\"\n\t\t\t\tsrc=\"https:\/\/sabado100.com.ar\/es-ar\/wp-content\/uploads\/2026\/08\/64dcef46b2e54_750x500.jpg\"\/>\n\t\t\n\t\t<div class=\"anwp-pg-post-teaser__thumbnail-bg anwp-position-cover\"><\/div>\n\n\t\t<a class=\"anwp-position-cover anwp-link-without-effects\" href=\"https:\/\/sabado100.com.ar\/es-ar\/milei-padece-la-enfermedad-del-poder\/\" aria-hidden=\"true\" ><\/a>\n\t<\/div>\n\n\t<div class=\"anwp-pg-post-teaser__content flex-grow-1 pt-1 d-flex flex-column\">\n\n\t\t<div class=\"anwp-pg-post-teaser__title anwp-font-heading mt-2\">\n\t\t\t<a class=\"anwp-link-without-effects\" href=\"https:\/\/sabado100.com.ar\/es-ar\/milei-padece-la-enfermedad-del-poder\/\" aria-hidden=\"true\" >\n\t\t\t\tMilei padece la enfermedad del poder\t\t\t<\/a>\n\t\t<\/div>\n\n\t\t<div class=\"anwp-pg-post-teaser__bottom-meta d-flex flex-wrap\">\n\n\t\t\t\t\t\t\t<div class=\"anwp-pg-post-teaser__bottom-meta-item d-flex align-items-center mr-3\">\n\t\t\t\t\t<svg class=\"anwp-pg-icon anwp-pg-icon--s16 mr-1\">\n\t\t\t\t\t\t<use xlink:href=\"#icon-anwp-pg-calendar\"><\/use>\n\t\t\t\t\t<\/svg>\n\t\t\t\t\t<span class=\"posted-on m-0\"><span class=\"screen-reader-text\">Posted on<\/span><time class=\"anwp-pg-published\" datetime=\"2026-08-29T12:43:13+00:00\">agosto 29, 2026<\/time><time class=\"anwp-pg-updated\" datetime=\"2026-08-29T12:43:15+00:00\">agosto 29, 2026<\/time><\/span>\n\t\t\t\t<\/div>\n\t\t\t\t\n\t\t\t\t\t<\/div>\n\n\t\t\n\t\t\n\t<\/div>\n\n<\/div>\n<div class=\"anwp-pg-post-teaser anwp-pg-post-teaser--inner-cover-link anwp-pg-post-teaser--layout-d d-flex flex-column anwp-col-lg-4 anwp-col-sm-6 anwp-col-12\">\n\t<div class=\"anwp-pg-post-teaser__thumbnail position-relative\">\n\n\t\t\t\t\t<div class=\"anwp-pg-post-teaser__top-meta d-flex flex-column anwp-pg-post-teaser__category-column mr-auto\">\n\t\t\t\t<div class=\"anwp-pg-category__wrapper-filled px-2 d-flex align-items-center anwp-pg-post-teaser__category-wrapper align-self-start anwp-pg-category-parent-0\" style=\"background-color: #1565C0\"><span>Editorial<\/span><\/div>\t\t\t<\/div>\n\t\t\t\n\t\t\n\t\t\t\t\t<img loading=\"lazy\" class=\"anwp-pg-post-teaser__thumbnail-img d-block anwp-pg-height-220 anwp-object-cover m-0 w-100\"\n\t\t\t\talt=\"Las ense\u00f1anzas de Messi con la carta a su pap\u00e1\"\n\t\t\t\tsrc=\"https:\/\/sabado100.com.ar\/es-ar\/wp-content\/uploads\/2026\/08\/WhatsApp-Image-2026-08-22-at-09.13.14.jpeg\"\/>\n\t\t\n\t\t<div class=\"anwp-pg-post-teaser__thumbnail-bg anwp-position-cover\"><\/div>\n\n\t\t<a class=\"anwp-position-cover anwp-link-without-effects\" href=\"https:\/\/sabado100.com.ar\/es-ar\/las-ensenanzas-de-messi-con-la-carta-a-su-papa\/\" aria-hidden=\"true\" ><\/a>\n\t<\/div>\n\n\t<div class=\"anwp-pg-post-teaser__content flex-grow-1 pt-1 d-flex flex-column\">\n\n\t\t<div class=\"anwp-pg-post-teaser__title anwp-font-heading mt-2\">\n\t\t\t<a class=\"anwp-link-without-effects\" href=\"https:\/\/sabado100.com.ar\/es-ar\/las-ensenanzas-de-messi-con-la-carta-a-su-papa\/\" aria-hidden=\"true\" >\n\t\t\t\tLas ense\u00f1anzas de Messi con la carta a su pap\u00e1\t\t\t<\/a>\n\t\t<\/div>\n\n\t\t<div class=\"anwp-pg-post-teaser__bottom-meta d-flex flex-wrap\">\n\n\t\t\t\t\t\t\t<div class=\"anwp-pg-post-teaser__bottom-meta-item d-flex align-items-center mr-3\">\n\t\t\t\t\t<svg class=\"anwp-pg-icon anwp-pg-icon--s16 mr-1\">\n\t\t\t\t\t\t<use xlink:href=\"#icon-anwp-pg-calendar\"><\/use>\n\t\t\t\t\t<\/svg>\n\t\t\t\t\t<span class=\"posted-on m-0\"><span class=\"screen-reader-text\">Posted on<\/span><time class=\"anwp-pg-published\" datetime=\"2026-08-22T12:19:08+00:00\">agosto 22, 2026<\/time><time class=\"anwp-pg-updated\" datetime=\"2026-08-22T12:19:09+00:00\">agosto 22, 2026<\/time><\/span>\n\t\t\t\t<\/div>\n\t\t\t\t\n\t\t\t\t\t<\/div>\n\n\t\t\n\t\t\n\t<\/div>\n\n<\/div>\n<div class=\"anwp-pg-post-teaser anwp-pg-post-teaser--inner-cover-link anwp-pg-post-teaser--layout-d d-flex flex-column anwp-col-lg-4 anwp-col-sm-6 anwp-col-12\">\n\t<div class=\"anwp-pg-post-teaser__thumbnail position-relative\">\n\n\t\t\t\t\t<div class=\"anwp-pg-post-teaser__top-meta d-flex flex-column anwp-pg-post-teaser__category-column mr-auto\">\n\t\t\t\t<div class=\"anwp-pg-category__wrapper-filled px-2 d-flex align-items-center anwp-pg-post-teaser__category-wrapper align-self-start anwp-pg-category-parent-0\" style=\"background-color: #1565C0\"><span>Editorial<\/span><\/div>\t\t\t<\/div>\n\t\t\t\n\t\t\n\t\t\t\t\t<img loading=\"lazy\" class=\"anwp-pg-post-teaser__thumbnail-img d-block anwp-pg-height-220 anwp-object-cover m-0 w-100\"\n\t\t\t\talt=\"A 50 a\u00f1os del asesinato del obispo Angelelli y sus compa\u00f1eros m\u00e1rtires\"\n\t\t\t\tsrc=\"https:\/\/sabado100.com.ar\/es-ar\/wp-content\/uploads\/2026\/08\/WhatsApp-Image-2026-08-12-at-20.05.53.jpeg\"\/>\n\t\t\n\t\t<div class=\"anwp-pg-post-teaser__thumbnail-bg anwp-position-cover\"><\/div>\n\n\t\t<a class=\"anwp-position-cover anwp-link-without-effects\" href=\"https:\/\/sabado100.com.ar\/es-ar\/a-50-anos-del-asesinato-del-obispo-angelelli-y-sus-companeros-martires\/\" aria-hidden=\"true\" ><\/a>\n\t<\/div>\n\n\t<div class=\"anwp-pg-post-teaser__content flex-grow-1 pt-1 d-flex flex-column\">\n\n\t\t<div class=\"anwp-pg-post-teaser__title anwp-font-heading mt-2\">\n\t\t\t<a class=\"anwp-link-without-effects\" href=\"https:\/\/sabado100.com.ar\/es-ar\/a-50-anos-del-asesinato-del-obispo-angelelli-y-sus-companeros-martires\/\" aria-hidden=\"true\" >\n\t\t\t\tA 50 a\u00f1os del asesinato del obispo Angelelli y sus compa\u00f1eros m\u00e1rtires\t\t\t<\/a>\n\t\t<\/div>\n\n\t\t<div class=\"anwp-pg-post-teaser__bottom-meta d-flex flex-wrap\">\n\n\t\t\t\t\t\t\t<div class=\"anwp-pg-post-teaser__bottom-meta-item d-flex align-items-center mr-3\">\n\t\t\t\t\t<svg class=\"anwp-pg-icon anwp-pg-icon--s16 mr-1\">\n\t\t\t\t\t\t<use xlink:href=\"#icon-anwp-pg-calendar\"><\/use>\n\t\t\t\t\t<\/svg>\n\t\t\t\t\t<span class=\"posted-on m-0\"><span class=\"screen-reader-text\">Posted on<\/span><time class=\"anwp-pg-published\" datetime=\"2026-08-15T12:23:15+00:00\">agosto 15, 2026<\/time><time class=\"anwp-pg-updated\" datetime=\"2026-08-15T12:23:16+00:00\">agosto 15, 2026<\/time><\/span>\n\t\t\t\t<\/div>\n\t\t\t\t\n\t\t\t\t\t<\/div>\n\n\t\t\n\t\t\n\t<\/div>\n\n<\/div>\n\t<\/div>\n\t\n\t<\/div>\n\t\t<\/div>\n\t\t\t\t<\/div>\n\t\t\t\t\t<\/div>\n\t\t\t\t<\/div>\n\t\t\t\t<\/div>\n\t\t<div class=\"elementor-element elementor-element-f0c0610 e-con-full e-flex e-con e-child\" data-id=\"f0c0610\" data-element_type=\"container\">\n\t\t<div class=\"elementor-element elementor-element-9071a70 e-flex e-con-boxed e-con e-child\" data-id=\"9071a70\" data-element_type=\"container\" data-settings=\"{&quot;background_background&quot;:&quot;classic&quot;}\">\n\t\t\t\t\t<div class=\"e-con-inner\">\n\t\t\t\t<div class=\"elementor-element elementor-element-98e158d elementor-widget elementor-widget-theme-site-logo elementor-widget-image\" data-id=\"98e158d\" data-element_type=\"widget\" data-widget_type=\"theme-site-logo.default\">\n\t\t\t\t<div class=\"elementor-widget-container\">\n\t\t\t<style>\/*! elementor - v3.23.0 - 05-08-2024 *\/\n.elementor-widget-image{text-align:center}.elementor-widget-image a{display:inline-block}.elementor-widget-image a img[src$=\".svg\"]{width:48px}.elementor-widget-image img{vertical-align:middle;display:inline-block}<\/style>\t\t\t\t\t\t\t\t\t\t\t<a href=\"https:\/\/sabado100.com.ar\/es-ar\">\n\t\t\t\t\t\t\t<img fetchpriority=\"high\" decoding=\"async\" width=\"300\" height=\"174\" src=\"https:\/\/sabado100.com.ar\/es-ar\/wp-content\/uploads\/2024\/04\/logo3.jpg\" class=\"attachment-full size-full wp-image-26802\" alt=\"\" \/>\t\t\t\t\t\t\t\t<\/a>\n\t\t\t\t\t\t\t\t\t\t\t\t\t<\/div>\n\t\t\t\t<\/div>\n\t\t\t\t\t<\/div>\n\t\t\t\t<\/div>\n\t\t<div class=\"elementor-element elementor-element-4222124 e-flex e-con-boxed e-con e-child\" data-id=\"4222124\" data-element_type=\"container\">\n\t\t\t\t\t<div class=\"e-con-inner\">\n\t\t\t\t\t<\/div>\n\t\t\t\t<\/div>\n\t\t<div class=\"elementor-element elementor-element-88ff142 e-flex e-con-boxed e-con e-child\" data-id=\"88ff142\" data-element_type=\"container\" data-settings=\"{&quot;background_background&quot;:&quot;classic&quot;}\">\n\t\t\t\t\t<div class=\"e-con-inner\">\n\t\t\t\t\t<\/div>\n\t\t\t\t<\/div>\n\t\t<div class=\"elementor-element elementor-element-b864d49 e-flex e-con-boxed e-con e-child\" data-id=\"b864d49\" data-element_type=\"container\" data-settings=\"{&quot;background_background&quot;:&quot;classic&quot;}\">\n\t\t\t\t\t<div class=\"e-con-inner\">\n\t\t\t\t<div class=\"elementor-element elementor-element-3892e53 elementor-widget elementor-widget-heading\" data-id=\"3892e53\" data-element_type=\"widget\" data-widget_type=\"heading.default\">\n\t\t\t\t<div class=\"elementor-widget-container\">\n\t\t\t<h2 class=\"elementor-heading-title elementor-size-default\">Deportes<\/h2>\t\t<\/div>\n\t\t\t\t<\/div>\n\t\t\t\t<div class=\"elementor-element elementor-element-c558860 elementor-grid-1 elementor-posts--thumbnail-none elementor-posts--align-left elementor-grid-tablet-2 elementor-grid-mobile-1 elementor-card-shadow-yes elementor-posts__hover-gradient elementor-widget elementor-widget-posts\" data-id=\"c558860\" data-element_type=\"widget\" data-settings=\"{&quot;cards_columns&quot;:&quot;1&quot;,&quot;cards_row_gap&quot;:{&quot;unit&quot;:&quot;px&quot;,&quot;size&quot;:0,&quot;sizes&quot;:[]},&quot;cards_columns_tablet&quot;:&quot;2&quot;,&quot;cards_columns_mobile&quot;:&quot;1&quot;,&quot;cards_row_gap_tablet&quot;:{&quot;unit&quot;:&quot;px&quot;,&quot;size&quot;:&quot;&quot;,&quot;sizes&quot;:[]},&quot;cards_row_gap_mobile&quot;:{&quot;unit&quot;:&quot;px&quot;,&quot;size&quot;:&quot;&quot;,&quot;sizes&quot;:[]}}\" data-widget_type=\"posts.cards\">\n\t\t\t\t<div class=\"elementor-widget-container\">\n\t\t\t<link rel=\"stylesheet\" href=\"https:\/\/sabado100.com.ar\/es-ar\/wp-content\/plugins\/elementor-pro\/assets\/css\/widget-posts.min.css\">\t\t<div class=\"elementor-posts-container elementor-posts elementor-posts--skin-cards elementor-grid\">\n\t\t\t\t<article class=\"elementor-post elementor-grid-item post-39813 post type-post status-publish format-standard has-post-thumbnail hentry category-deportes tag-dentro-y-fuera-de-la-cancha tag-el-legado-de-messi-rompio-todos-los-records-y-logro-la-unanimidad\">\n\t\t\t<div class=\"elementor-post__card\">\n\t\t\t\t<div class=\"elementor-post__text\">\n\t\t\t\t<p class=\"elementor-post__title\">\n\t\t\t<a href=\"https:\/\/sabado100.com.ar\/es-ar\/el-legado-de-messi-rompio-todos-los-records-y-logro-la-unanimidad-dentro-y-fuera-de-la-cancha\/\" >\n\t\t\t\tEl legado de Messi: rompi\u00f3 todos los r\u00e9cords y logr\u00f3 la unanimidad, dentro y fuera de la cancha\t\t\t<\/a>\n\t\t<\/p>\n\t\t\t\t<\/div>\n\t\t\t\t\t<\/div>\n\t\t<\/article>\n\t\t\t\t<article class=\"elementor-post elementor-grid-item post-39720 post type-post status-publish format-standard has-post-thumbnail hentry category-deportes tag-el-legado-de-los-juegos-suramericanos-una-inversion-de-casi-50-mil-millones-que-transforma-la-ciudad\">\n\t\t\t<div class=\"elementor-post__card\">\n\t\t\t\t<div class=\"elementor-post__text\">\n\t\t\t\t<p class=\"elementor-post__title\">\n\t\t\t<a href=\"https:\/\/sabado100.com.ar\/es-ar\/el-legado-de-los-juegos-suramericanos-una-inversion-de-casi-50-mil-millones-que-transforma-la-ciudad\/\" >\n\t\t\t\tEl legado de los Juegos Suramericanos: una inversi\u00f3n de casi $50 mil millones que transforma la ciudad\t\t\t<\/a>\n\t\t<\/p>\n\t\t\t\t<\/div>\n\t\t\t\t\t<\/div>\n\t\t<\/article>\n\t\t\t\t<article class=\"elementor-post elementor-grid-item post-39688 post type-post status-publish format-standard has-post-thumbnail hentry category-deportes tag-viaje-educativo-con-jugadores-de-la-categoria-2014-que-participaron-en-la-copa-departamento-castellanos-2026\">\n\t\t\t<div class=\"elementor-post__card\">\n\t\t\t\t<div class=\"elementor-post__text\">\n\t\t\t\t<p class=\"elementor-post__title\">\n\t\t\t<a href=\"https:\/\/sabado100.com.ar\/es-ar\/viaje-con-jugadores-de-la-categoria-2014-que-participaron-en-la-copa-departamento-castellanos-2026\/\" >\n\t\t\t\tViaje educativo con jugadores de la categor\u00eda 2014 que participaron en la copa departamento Castellanos 2026\t\t\t<\/a>\n\t\t<\/p>\n\t\t\t\t<\/div>\n\t\t\t\t\t<\/div>\n\t\t<\/article>\n\t\t\t\t<article class=\"elementor-post elementor-grid-item post-39659 post type-post status-publish format-standard has-post-thumbnail hentry category-deportes tag-el-final-de-la-final-fue-un-papelon tag-pero-ahora-quien-sanciona-a-la-fifa\">\n\t\t\t<div class=\"elementor-post__card\">\n\t\t\t\t<div class=\"elementor-post__text\">\n\t\t\t\t<p class=\"elementor-post__title\">\n\t\t\t<a href=\"https:\/\/sabado100.com.ar\/es-ar\/el-final-de-la-final-fue-un-papelon-pero-ahora-quien-sanciona-a-la-fifa\/\" >\n\t\t\t\tEl final de la final fue un papel\u00f3n, pero ahora \u00bfqui\u00e9n sanciona a la FIFA?\t\t\t<\/a>\n\t\t<\/p>\n\t\t\t\t<\/div>\n\t\t\t\t\t<\/div>\n\t\t<\/article>\n\t\t\t\t<\/div>\n\t\t\n\t\t\t\t<\/div>\n\t\t\t\t<\/div>\n\t\t\t\t\t<\/div>\n\t\t\t\t<\/div>\n\t\t\t\t<\/div>\n\t\t\t\t<\/div>\n\t\t\t\t<\/div>\n\t\t","protected":false},"excerpt":{"rendered":"<p>0 Religi\u00f3n Celebraron el d\u00eda de la di\u00f3cesis de Rafaela y los 63 a\u00f1os de la creaci\u00f3n Posted onmayo 1,<\/p>\n","protected":false},"author":1,"featured_media":0,"parent":0,"menu_order":0,"comment_status":"closed","ping_status":"closed","template":"elementor_header_footer","meta":{"site-sidebar-layout":"no-sidebar","site-content-layout":"plain-container","ast-site-content-layout":"full-width-container","site-content-style":"default","site-sidebar-style":"default","ast-global-header-display":"","ast-banner-title-visibility":"","ast-main-header-display":"","ast-hfb-above-header-display":"","ast-hfb-below-header-display":"","ast-hfb-mobile-header-display":"","site-post-title":"disabled","ast-breadcrumbs-content":"","ast-featured-img":"disabled","footer-sml-layout":"","ast-disable-related-posts":"","theme-transparent-header-meta":"enabled","adv-header-id-meta":"","stick-header-meta":"","header-above-stick-meta":"","header-main-stick-meta":"","header-below-stick-meta":"","astra-migrate-meta-layouts":"default","ast-page-background-enabled":"default","ast-page-background-meta":{"desktop":{"background-color":"var(--ast-global-color-4)","background-image":"","background-repeat":"repeat","background-position":"center center","background-size":"auto","background-attachment":"scroll","background-type":"","background-media":"","overlay-type":"","overlay-color":"","overlay-opacity":"","overlay-gradient":""},"tablet":{"background-color":"","background-image":"","background-repeat":"repeat","background-position":"center center","background-size":"auto","background-attachment":"scroll","background-type":"","background-media":"","overlay-type":"","overlay-color":"","overlay-opacity":"","overlay-gradient":""},"mobile":{"background-color":"","background-image":"","background-repeat":"repeat","background-position":"center center","background-size":"auto","background-attachment":"scroll","background-type":"","background-media":"","overlay-type":"","overlay-color":"","overlay-opacity":"","overlay-gradient":""}},"ast-content-background-meta":{"desktop":{"background-color":"var(--ast-global-color-5)","background-image":"","background-repeat":"repeat","background-position":"center center","background-size":"auto","background-attachment":"scroll","background-type":"","background-media":"","overlay-type":"","overlay-color":"","overlay-opacity":"","overlay-gradient":""},"tablet":{"background-color":"var(--ast-global-color-5)","background-image":"","background-repeat":"repeat","background-position":"center center","background-size":"auto","background-attachment":"scroll","background-type":"","background-media":"","overlay-type":"","overlay-color":"","overlay-opacity":"","overlay-gradient":""},"mobile":{"background-color":"var(--ast-global-color-5)","background-image":"","background-repeat":"repeat","background-position":"center center","background-size":"auto","background-attachment":"scroll","background-type":"","background-media":"","overlay-type":"","overlay-color":"","overlay-opacity":"","overlay-gradient":""}},"footnotes":""},"class_list":["post-13","page","type-page","status-publish","hentry"],"yoast_head":"<!-- This site is optimized with the Yoast SEO plugin v23.2 - https:\/\/yoast.com\/wordpress\/plugins\/seo\/ -->\n<title>Inicio - Sabado 100<\/title>\n<meta name=\"robots\" content=\"index, follow, max-snippet:-1, max-image-preview:large, max-video-preview:-1\" \/>\n<link rel=\"canonical\" href=\"https:\/\/sabado100.com.ar\/es-ar\/\" \/>\n<meta property=\"og:locale\" content=\"es_ES\" \/>\n<meta property=\"og:type\" content=\"article\" \/>\n<meta property=\"og:title\" content=\"Inicio - Sabado 100\" \/>\n<meta property=\"og:description\" content=\"0 Religi\u00f3n Celebraron el d\u00eda de la di\u00f3cesis de Rafaela y los 63 a\u00f1os de la creaci\u00f3n Posted onmayo 1,\" \/>\n<meta property=\"og:url\" content=\"https:\/\/sabado100.com.ar\/es-ar\/\" \/>\n<meta property=\"og:site_name\" content=\"Sabado 100\" \/>\n<meta property=\"article:publisher\" content=\"https:\/\/www.facebook.com\/sabadocien\/\" \/>\n<meta property=\"article:modified_time\" content=\"2024-05-02T12:50:22+00:00\" \/>\n<meta property=\"og:image\" content=\"https:\/\/sabado100.com.ar\/es-ar\/wp-content\/uploads\/2024\/05\/WhatsApp-Image-2024-05-01-at-19.56.01-1024x768.jpeg\" \/>\n<meta name=\"twitter:card\" content=\"summary_large_image\" \/>\n<meta name=\"twitter:label1\" content=\"Tiempo de lectura\" \/>\n\t<meta name=\"twitter:data1\" content=\"3 minutos\" \/>\n<script type=\"application\/ld+json\" class=\"yoast-schema-graph\">{\"@context\":\"https:\/\/schema.org\",\"@graph\":[{\"@type\":\"WebPage\",\"@id\":\"https:\/\/sabado100.com.ar\/es-ar\/\",\"url\":\"https:\/\/sabado100.com.ar\/es-ar\/\",\"name\":\"Inicio - Sabado 100\",\"isPartOf\":{\"@id\":\"https:\/\/sabado100.com.ar\/es-ar\/#website\"},\"primaryImageOfPage\":{\"@id\":\"https:\/\/sabado100.com.ar\/es-ar\/#primaryimage\"},\"image\":{\"@id\":\"https:\/\/sabado100.com.ar\/es-ar\/#primaryimage\"},\"thumbnailUrl\":\"https:\/\/sabado100.com.ar\/es-ar\/wp-content\/uploads\/2024\/05\/WhatsApp-Image-2024-05-01-at-19.56.01-1024x768.jpeg\",\"datePublished\":\"2024-04-24T10:42:18+00:00\",\"dateModified\":\"2024-05-02T12:50:22+00:00\",\"breadcrumb\":{\"@id\":\"https:\/\/sabado100.com.ar\/es-ar\/#breadcrumb\"},\"inLanguage\":\"es\",\"potentialAction\":[{\"@type\":\"ReadAction\",\"target\":[\"https:\/\/sabado100.com.ar\/es-ar\/\"]}]},{\"@type\":\"ImageObject\",\"inLanguage\":\"es\",\"@id\":\"https:\/\/sabado100.com.ar\/es-ar\/#primaryimage\",\"url\":\"https:\/\/sabado100.com.ar\/es-ar\/wp-content\/uploads\/2024\/05\/WhatsApp-Image-2024-05-01-at-19.56.01-1024x768.jpeg\",\"contentUrl\":\"https:\/\/sabado100.com.ar\/es-ar\/wp-content\/uploads\/2024\/05\/WhatsApp-Image-2024-05-01-at-19.56.01-1024x768.jpeg\"},{\"@type\":\"BreadcrumbList\",\"@id\":\"https:\/\/sabado100.com.ar\/es-ar\/#breadcrumb\",\"itemListElement\":[{\"@type\":\"ListItem\",\"position\":1,\"name\":\"Portada\",\"item\":\"https:\/\/sabado100.com.ar\/es-ar\/\"},{\"@type\":\"ListItem\",\"position\":2,\"name\":\"Inicio\"}]},{\"@type\":\"WebSite\",\"@id\":\"https:\/\/sabado100.com.ar\/es-ar\/#website\",\"url\":\"https:\/\/sabado100.com.ar\/es-ar\/\",\"name\":\"Sabado 100\",\"description\":\"\",\"publisher\":{\"@id\":\"https:\/\/sabado100.com.ar\/es-ar\/#organization\"},\"potentialAction\":[{\"@type\":\"SearchAction\",\"target\":{\"@type\":\"EntryPoint\",\"urlTemplate\":\"https:\/\/sabado100.com.ar\/es-ar\/?s={search_term_string}\"},\"query-input\":\"required name=search_term_string\"}],\"inLanguage\":\"es\"},{\"@type\":\"Organization\",\"@id\":\"https:\/\/sabado100.com.ar\/es-ar\/#organization\",\"name\":\"Sabado 100\",\"url\":\"https:\/\/sabado100.com.ar\/es-ar\/\",\"logo\":{\"@type\":\"ImageObject\",\"inLanguage\":\"es\",\"@id\":\"https:\/\/sabado100.com.ar\/es-ar\/#\/schema\/logo\/image\/\",\"url\":\"https:\/\/sabado100.com.ar\/es-ar\/wp-content\/uploads\/2024\/04\/logo3.jpg\",\"contentUrl\":\"https:\/\/sabado100.com.ar\/es-ar\/wp-content\/uploads\/2024\/04\/logo3.jpg\",\"width\":300,\"height\":174,\"caption\":\"Sabado 100\"},\"image\":{\"@id\":\"https:\/\/sabado100.com.ar\/es-ar\/#\/schema\/logo\/image\/\"},\"sameAs\":[\"https:\/\/www.facebook.com\/sabadocien\/\",\"https:\/\/www.instagram.com\/sabado100.com.ar\/\",\"https:\/\/www.youtube.com\/@sabado1003\"]}]}<\/script>\n<!-- \/ Yoast SEO plugin. -->","yoast_head_json":{"title":"Inicio - Sabado 100","robots":{"index":"index","follow":"follow","max-snippet":"max-snippet:-1","max-image-preview":"max-image-preview:large","max-video-preview":"max-video-preview:-1"},"canonical":"https:\/\/sabado100.com.ar\/es-ar\/","og_locale":"es_ES","og_type":"article","og_title":"Inicio - Sabado 100","og_description":"0 Religi\u00f3n Celebraron el d\u00eda de la di\u00f3cesis de Rafaela y los 63 a\u00f1os de la creaci\u00f3n Posted onmayo 1,","og_url":"https:\/\/sabado100.com.ar\/es-ar\/","og_site_name":"Sabado 100","article_publisher":"https:\/\/www.facebook.com\/sabadocien\/","article_modified_time":"2024-05-02T12:50:22+00:00","og_image":[{"url":"https:\/\/sabado100.com.ar\/es-ar\/wp-content\/uploads\/2024\/05\/WhatsApp-Image-2024-05-01-at-19.56.01-1024x768.jpeg"}],"twitter_card":"summary_large_image","twitter_misc":{"Tiempo de lectura":"3 minutos"},"schema":{"@context":"https:\/\/schema.org","@graph":[{"@type":"WebPage","@id":"https:\/\/sabado100.com.ar\/es-ar\/","url":"https:\/\/sabado100.com.ar\/es-ar\/","name":"Inicio - Sabado 100","isPartOf":{"@id":"https:\/\/sabado100.com.ar\/es-ar\/#website"},"primaryImageOfPage":{"@id":"https:\/\/sabado100.com.ar\/es-ar\/#primaryimage"},"image":{"@id":"https:\/\/sabado100.com.ar\/es-ar\/#primaryimage"},"thumbnailUrl":"https:\/\/sabado100.com.ar\/es-ar\/wp-content\/uploads\/2024\/05\/WhatsApp-Image-2024-05-01-at-19.56.01-1024x768.jpeg","datePublished":"2024-04-24T10:42:18+00:00","dateModified":"2024-05-02T12:50:22+00:00","breadcrumb":{"@id":"https:\/\/sabado100.com.ar\/es-ar\/#breadcrumb"},"inLanguage":"es","potentialAction":[{"@type":"ReadAction","target":["https:\/\/sabado100.com.ar\/es-ar\/"]}]},{"@type":"ImageObject","inLanguage":"es","@id":"https:\/\/sabado100.com.ar\/es-ar\/#primaryimage","url":"https:\/\/sabado100.com.ar\/es-ar\/wp-content\/uploads\/2024\/05\/WhatsApp-Image-2024-05-01-at-19.56.01-1024x768.jpeg","contentUrl":"https:\/\/sabado100.com.ar\/es-ar\/wp-content\/uploads\/2024\/05\/WhatsApp-Image-2024-05-01-at-19.56.01-1024x768.jpeg"},{"@type":"BreadcrumbList","@id":"https:\/\/sabado100.com.ar\/es-ar\/#breadcrumb","itemListElement":[{"@type":"ListItem","position":1,"name":"Portada","item":"https:\/\/sabado100.com.ar\/es-ar\/"},{"@type":"ListItem","position":2,"name":"Inicio"}]},{"@type":"WebSite","@id":"https:\/\/sabado100.com.ar\/es-ar\/#website","url":"https:\/\/sabado100.com.ar\/es-ar\/","name":"Sabado 100","description":"","publisher":{"@id":"https:\/\/sabado100.com.ar\/es-ar\/#organization"},"potentialAction":[{"@type":"SearchAction","target":{"@type":"EntryPoint","urlTemplate":"https:\/\/sabado100.com.ar\/es-ar\/?s={search_term_string}"},"query-input":"required name=search_term_string"}],"inLanguage":"es"},{"@type":"Organization","@id":"https:\/\/sabado100.com.ar\/es-ar\/#organization","name":"Sabado 100","url":"https:\/\/sabado100.com.ar\/es-ar\/","logo":{"@type":"ImageObject","inLanguage":"es","@id":"https:\/\/sabado100.com.ar\/es-ar\/#\/schema\/logo\/image\/","url":"https:\/\/sabado100.com.ar\/es-ar\/wp-content\/uploads\/2024\/04\/logo3.jpg","contentUrl":"https:\/\/sabado100.com.ar\/es-ar\/wp-content\/uploads\/2024\/04\/logo3.jpg","width":300,"height":174,"caption":"Sabado 100"},"image":{"@id":"https:\/\/sabado100.com.ar\/es-ar\/#\/schema\/logo\/image\/"},"sameAs":["https:\/\/www.facebook.com\/sabadocien\/","https:\/\/www.instagram.com\/sabado100.com.ar\/","https:\/\/www.youtube.com\/@sabado1003"]}]}},"_links":{"self":[{"href":"https:\/\/sabado100.com.ar\/es-ar\/wp-json\/wp\/v2\/pages\/13","targetHints":{"allow":["GET"]}}],"collection":[{"href":"https:\/\/sabado100.com.ar\/es-ar\/wp-json\/wp\/v2\/pages"}],"about":[{"href":"https:\/\/sabado100.com.ar\/es-ar\/wp-json\/wp\/v2\/types\/page"}],"author":[{"embeddable":true,"href":"https:\/\/sabado100.com.ar\/es-ar\/wp-json\/wp\/v2\/users\/1"}],"replies":[{"embeddable":true,"href":"https:\/\/sabado100.com.ar\/es-ar\/wp-json\/wp\/v2\/comments?post=13"}],"version-history":[{"count":142,"href":"https:\/\/sabado100.com.ar\/es-ar\/wp-json\/wp\/v2\/pages\/13\/revisions"}],"predecessor-version":[{"id":27150,"href":"https:\/\/sabado100.com.ar\/es-ar\/wp-json\/wp\/v2\/pages\/13\/revisions\/27150"}],"wp:attachment":[{"href":"https:\/\/sabado100.com.ar\/es-ar\/wp-json\/wp\/v2\/media?parent=13"}],"curies":[{"name":"wp","href":"https:\/\/api.w.org\/{rel}","templated":true}]}}